{"id":8897,"date":"2022-02-16T11:15:34","date_gmt":"2022-02-16T11:15:34","guid":{"rendered":"http:\/\/marcapueblo.ual.es\/?page_id=8897"},"modified":"2023-04-24T12:14:32","modified_gmt":"2023-04-24T12:14:32","slug":"abrucena","status":"publish","type":"page","link":"http:\/\/marcapueblo.ual.es\/?page_id=8897","title":{"rendered":"Abrucena"},"content":{"rendered":"\t\t<div data-elementor-type=\"wp-page\" data-elementor-id=\"8897\" class=\"elementor elementor-8897\">\n\t\t\t\t\t\t\t\t\t<section class=\"elementor-section elementor-top-section elementor-element elementor-element-7824f16 elementor-section-boxed elementor-section-height-default elementor-section-height-default\" data-id=\"7824f16\" data-element_type=\"section\" data-settings=\"{&quot;background_background&quot;:&quot;classic&quot;}\">\n\t\t\t\t\t\t<div class=\"elementor-container elementor-column-gap-default\">\n\t\t\t\t\t<div class=\"elementor-column elementor-col-100 elementor-top-column elementor-element elementor-element-b747a66 column-style-top\" data-id=\"b747a66\" data-element_type=\"column\">\n\t\t\t<div class=\"elementor-widget-wrap elementor-element-populated\">\n\t\t\t\t\t\t\t\t<div class=\"elementor-element elementor-element-49b5262 elementor-widget elementor-widget-html\" data-id=\"49b5262\" data-element_type=\"widget\" data-widget_type=\"html.default\">\n\t\t\t\t<div class=\"elementor-widget-container\">\n\t\t\t<iframe loading=\"lazy\" width=\"1280\" height=\"720\" src=\"https:\/\/www.youtube.com\/embed\/mUZChQN5ve4\" title=\"MARCA PUEBLO \ud83c\udfd8\ud83c\udfd8 - Entrevista \ud83d\udcfa\ud83d\udcfa  a Ismael Gil (Alcalde de Abrucena)\" frameborder=\"0\" allow=\"accelerometer; autoplay; clipboard-write; encrypted-media; gyroscope; picture-in-picture; web-share\" allowfullscreen><\/iframe>\t\t<\/div>\n\t\t\t\t<\/div>\n\t\t\t\t\t<\/div>\n\t\t<\/div>\n\t\t\t\t\t\t\t<\/div>\n\t\t<\/section>\n\t\t\t\t<section class=\"elementor-section elementor-top-section elementor-element elementor-element-51f4015 elementor-section-boxed elementor-section-height-default elementor-section-height-default\" data-id=\"51f4015\" data-element_type=\"section\">\n\t\t\t\t\t\t<div class=\"elementor-container elementor-column-gap-default\">\n\t\t\t\t\t<div class=\"elementor-column elementor-col-50 elementor-top-column elementor-element elementor-element-fe1f0cf column-style-top\" data-id=\"fe1f0cf\" data-element_type=\"column\">\n\t\t\t<div class=\"elementor-widget-wrap elementor-element-populated\">\n\t\t\t\t\t\t\t\t<section class=\"elementor-section elementor-inner-section elementor-element elementor-element-69c5837 elementor-section-boxed elementor-section-height-default elementor-section-height-default\" data-id=\"69c5837\" data-element_type=\"section\">\n\t\t\t\t\t\t<div class=\"elementor-container elementor-column-gap-default\">\n\t\t\t\t\t<div class=\"elementor-column elementor-col-100 elementor-inner-column elementor-element elementor-element-498d3a1 column-style-top\" data-id=\"498d3a1\" data-element_type=\"column\">\n\t\t\t<div class=\"elementor-widget-wrap elementor-element-populated\">\n\t\t\t\t\t\t\t\t<div class=\"elementor-element elementor-element-cada66c elementor-widget elementor-widget-image\" data-id=\"cada66c\" data-element_type=\"widget\" data-widget_type=\"image.default\">\n\t\t\t\t<div class=\"elementor-widget-container\">\n\t\t\t<style>\/*! elementor - v3.16.0 - 20-09-2023 *\/\n.elementor-widget-image{text-align:center}.elementor-widget-image a{display:inline-block}.elementor-widget-image a img[src$=\".svg\"]{width:48px}.elementor-widget-image img{vertical-align:middle;display:inline-block}<\/style>\t\t\t\t\t\t\t\t\t\t\t\t<img loading=\"lazy\" decoding=\"async\" width=\"900\" height=\"675\" src=\"http:\/\/marcapueblo.ual.es\/wp-content\/uploads\/2022\/02\/photo_2021-09-22_16-45-51-1024x768.jpg\" class=\"attachment-large size-large wp-image-8899\" alt=\"\" \/>\t\t\t\t\t\t\t\t\t\t\t\t\t\t\t<\/div>\n\t\t\t\t<\/div>\n\t\t\t\t\t<\/div>\n\t\t<\/div>\n\t\t\t\t\t\t\t<\/div>\n\t\t<\/section>\n\t\t\t\t<section class=\"elementor-section elementor-inner-section elementor-element elementor-element-382721f elementor-section-boxed elementor-section-height-default elementor-section-height-default\" data-id=\"382721f\" data-element_type=\"section\">\n\t\t\t\t\t\t<div class=\"elementor-container elementor-column-gap-default\">\n\t\t\t\t\t<div class=\"elementor-column elementor-col-50 elementor-inner-column elementor-element elementor-element-7db96ec column-style-top\" data-id=\"7db96ec\" data-element_type=\"column\">\n\t\t\t<div class=\"elementor-widget-wrap elementor-element-populated\">\n\t\t\t\t\t\t\t\t<div class=\"elementor-element elementor-element-5e80 elementor-widget elementor-widget-image\" data-id=\"5e80\" data-element_type=\"widget\" data-widget_type=\"image.default\">\n\t\t\t\t<div class=\"elementor-widget-container\">\n\t\t\t\t\t\t\t\t\t\t\t\t\t\t\t<img loading=\"lazy\" decoding=\"async\" width=\"750\" height=\"510\" src=\"http:\/\/marcapueblo.ual.es\/wp-content\/uploads\/2022\/02\/Abrucena-24-1024x684-1-750x510.jpg\" class=\"attachment-medium size-medium wp-image-8900\" alt=\"\" \/>\t\t\t\t\t\t\t\t\t\t\t\t\t\t\t<\/div>\n\t\t\t\t<\/div>\n\t\t\t\t\t<\/div>\n\t\t<\/div>\n\t\t\t\t<div class=\"elementor-column elementor-col-50 elementor-inner-column elementor-element elementor-element-274a329 column-style-top\" data-id=\"274a329\" data-element_type=\"column\">\n\t\t\t<div class=\"elementor-widget-wrap elementor-element-populated\">\n\t\t\t\t\t\t\t\t<div class=\"elementor-element elementor-element-58fe elementor-widget elementor-widget-image\" data-id=\"58fe\" data-element_type=\"widget\" data-widget_type=\"image.default\">\n\t\t\t\t<div class=\"elementor-widget-container\">\n\t\t\t\t\t\t\t\t\t\t\t\t\t\t\t<img loading=\"lazy\" decoding=\"async\" width=\"750\" height=\"510\" src=\"http:\/\/marcapueblo.ual.es\/wp-content\/uploads\/2022\/02\/5a86fc6102569-abrucena-750x510.jpg\" class=\"attachment-medium size-medium wp-image-8901\" alt=\"\" \/>\t\t\t\t\t\t\t\t\t\t\t\t\t\t\t<\/div>\n\t\t\t\t<\/div>\n\t\t\t\t\t<\/div>\n\t\t<\/div>\n\t\t\t\t\t\t\t<\/div>\n\t\t<\/section>\n\t\t\t\t\t<\/div>\n\t\t<\/div>\n\t\t\t\t<div class=\"elementor-column elementor-col-50 elementor-top-column elementor-element elementor-element-29c14d0 column-style-top\" data-id=\"29c14d0\" data-element_type=\"column\">\n\t\t\t<div class=\"elementor-widget-wrap elementor-element-populated\">\n\t\t\t\t\t\t\t\t<div class=\"elementor-element elementor-element-857ef66 elementor-widget elementor-widget-text-editor\" data-id=\"857ef66\" data-element_type=\"widget\" data-widget_type=\"text-editor.default\">\n\t\t\t\t<div class=\"elementor-widget-container\">\n\t\t\t<style>\/*! elementor - v3.16.0 - 20-09-2023 *\/\n.elementor-widget-text-editor.elementor-drop-cap-view-stacked .elementor-drop-cap{background-color:#69727d;color:#fff}.elementor-widget-text-editor.elementor-drop-cap-view-framed .elementor-drop-cap{color:#69727d;border:3px solid;background-color:transparent}.elementor-widget-text-editor:not(.elementor-drop-cap-view-default) .elementor-drop-cap{margin-top:8px}.elementor-widget-text-editor:not(.elementor-drop-cap-view-default) .elementor-drop-cap-letter{width:1em;height:1em}.elementor-widget-text-editor .elementor-drop-cap{float:left;text-align:center;line-height:1;font-size:50px}.elementor-widget-text-editor .elementor-drop-cap-letter{display:inline-block}<\/style>\t\t\t\t<p>Abrucena, es un municipio de la comarca de Los Filabres-Tabernas, de la provincia de Almer\u00eda, a 67 km de la capital. En concreto, se sit\u00faa en la parte de la\u00a0 Alpujarra almeriense, adem\u00e1s, su posici\u00f3n geogr\u00e1fica est\u00e1 ubicada en el Parque Nacional\u00a0 de Sierra Nevada, siendo uno de los municipios (tanto de Granada como Almer\u00eda) que m\u00e1s territorio aporta a esta zona especialmente protegida.<\/p>\t\t\t\t\t\t<\/div>\n\t\t\t\t<\/div>\n\t\t\t\t<div class=\"elementor-element elementor-element-5151a98 elementor-widget elementor-widget-text-editor\" data-id=\"5151a98\" data-element_type=\"widget\" data-widget_type=\"text-editor.default\">\n\t\t\t\t<div class=\"elementor-widget-container\">\n\t\t\t\t\t\t\t<table width=\"537\"><tbody><tr><td width=\"293\"><p><strong>Com. Aut\u00f3noma<\/strong><\/p><\/td><td width=\"293\">Andaluc\u00eda<\/td><\/tr><tr><td width=\"293\"><strong>Provincia<\/strong><\/td><td width=\"293\">Almer\u00eda<\/td><\/tr><tr><td width=\"293\"><strong>Comarca<\/strong><\/td><td width=\"293\">Filabres-Tabernas<\/td><\/tr><tr><td width=\"293\"><strong>Partido judicial<\/strong><\/td><td width=\"293\">Almer\u00eda<\/td><\/tr><tr><td width=\"293\"><strong>Poblaci\u00f3n<\/strong><\/td><td width=\"293\">1183 (2020)<\/td><\/tr><tr><td width=\"293\"><strong>Gentilicio<\/strong><\/td><td width=\"293\">Abrucenero\/a<\/td><\/tr><tr><td width=\"293\"><strong>Sitio web<\/strong><\/td><td width=\"293\">http:\/\/www.abrucena.es\/<\/td><\/tr><\/tbody><\/table>\t\t\t\t\t\t<\/div>\n\t\t\t\t<\/div>\n\t\t\t\t\t<\/div>\n\t\t<\/div>\n\t\t\t\t\t\t\t<\/div>\n\t\t<\/section>\n\t\t\t\t<section class=\"elementor-section elementor-top-section elementor-element elementor-element-35a41cf elementor-section-full_width elementor-section-height-default elementor-section-height-default elementor-invisible\" data-id=\"35a41cf\" data-element_type=\"section\" data-settings=\"{&quot;background_background&quot;:&quot;classic&quot;,&quot;animation&quot;:&quot;slideInUp&quot;}\">\n\t\t\t\t\t\t<div class=\"elementor-container elementor-column-gap-default\">\n\t\t\t\t\t<div class=\"elementor-column elementor-col-100 elementor-top-column elementor-element elementor-element-67aca3c column-style-top\" data-id=\"67aca3c\" data-element_type=\"column\">\n\t\t\t<div class=\"elementor-widget-wrap elementor-element-populated\">\n\t\t\t\t\t\t\t\t<div class=\"elementor-element elementor-element-f2f63f3 elementor-widget elementor-widget-heading\" data-id=\"f2f63f3\" data-element_type=\"widget\" data-widget_type=\"heading.default\">\n\t\t\t\t<div class=\"elementor-widget-container\">\n\t\t\t<style>\/*! elementor - v3.16.0 - 20-09-2023 *\/\n.elementor-heading-title{padding:0;margin:0;line-height:1}.elementor-widget-heading .elementor-heading-title[class*=elementor-size-]>a{color:inherit;font-size:inherit;line-height:inherit}.elementor-widget-heading .elementor-heading-title.elementor-size-small{font-size:15px}.elementor-widget-heading .elementor-heading-title.elementor-size-medium{font-size:19px}.elementor-widget-heading .elementor-heading-title.elementor-size-large{font-size:29px}.elementor-widget-heading .elementor-heading-title.elementor-size-xl{font-size:39px}.elementor-widget-heading .elementor-heading-title.elementor-size-xxl{font-size:59px}<\/style><h2 class=\"elementor-heading-title elementor-size-default\">Localizaci\u00f3n y geograf\u00eda<\/h2>\t\t<\/div>\n\t\t\t\t<\/div>\n\t\t\t\t<div class=\"elementor-element elementor-element-193a48c elementor-widget__width-inherit elementor-widget elementor-widget-text-editor\" data-id=\"193a48c\" data-element_type=\"widget\" data-widget_type=\"text-editor.default\">\n\t\t\t\t<div class=\"elementor-widget-container\">\n\t\t\t\t\t\t\t<iframe src=\"https:\/\/www.google.com\/maps\/embed?pb=!1m18!1m12!1m3!1d12723.259226942051!2d-2.8047510522330907!3d37.133320734907116!2m3!1f0!2f0!3f0!3m2!1i1024!2i768!4f13.1!3m3!1m2!1s0xd70228afd375ce1%3A0x894c25f9f7575a50!2s04520%20Abrucena%2C%20Almer%C3%ADa!5e0!3m2!1ses!2ses!4v1645010748533!5m2!1ses!2ses\" width=\"800\" height=\"600\" style=\"border:0;\" allowfullscreen=\"\" loading=\"lazy\"><\/iframe>\t\t\t\t\t\t<\/div>\n\t\t\t\t<\/div>\n\t\t\t\t<div class=\"elementor-element elementor-element-aa9c8f7 elementor-widget elementor-widget-text-editor\" data-id=\"aa9c8f7\" data-element_type=\"widget\" data-widget_type=\"text-editor.default\">\n\t\t\t\t<div class=\"elementor-widget-container\">\n\t\t\t\t\t\t\t<p style=\"text-align: center;\">El municipio se encuentra limitado con Abla, Fi\u00f1ana, Laujar de Andarax, Fond\u00f3n, Beires y Ohanes.<\/p><p style=\"text-align: center;\">El n\u00facleo urbano se localiza a 37\u00ba 08\u00b400\u00b4\u00b4 N y 2\u00ba 47\u00b4 00\u00b4\u00b4 O, a 978 metros de altitud sobre el nivel del mar.<\/p><p style=\"text-align: center;\">Su situaci\u00f3n en la Alpujarra almeriense lo dota de una belleza singular.<\/p>\t\t\t\t\t\t<\/div>\n\t\t\t\t<\/div>\n\t\t\t\t\t<\/div>\n\t\t<\/div>\n\t\t\t\t\t\t\t<\/div>\n\t\t<\/section>\n\t\t\t\t<section class=\"elementor-section elementor-top-section elementor-element elementor-element-c528f97 elementor-section-boxed elementor-section-height-default elementor-section-height-default\" data-id=\"c528f97\" data-element_type=\"section\">\n\t\t\t\t\t\t<div class=\"elementor-container elementor-column-gap-default\">\n\t\t\t\t\t<div class=\"elementor-column elementor-col-100 elementor-top-column elementor-element elementor-element-042cb6f column-style-top\" data-id=\"042cb6f\" data-element_type=\"column\">\n\t\t\t<div class=\"elementor-widget-wrap elementor-element-populated\">\n\t\t\t\t\t\t\t\t<div class=\"elementor-element elementor-element-0d6a159 elementor-widget elementor-widget-gva-heading-block\" data-id=\"0d6a159\" data-element_type=\"widget\" data-widget_type=\"gva-heading-block.default\">\n\t\t\t\t<div class=\"elementor-widget-container\">\n\t\t\t<div class=\"gva-element-gva-heading-block gva-element\">   <div class=\"align-center style-1 widget gsc-heading\">\r\n      <div class=\"content-inner\">\r\n         \r\n                  \r\n           \r\n         \r\n                     <h2 class=\"title\">\r\n               <span>S\u00cdMBOLOS<\/span>\r\n            <\/h2>\r\n                  \r\n         \r\n      <\/div>\r\n   <\/div>\r\n   <div class=\"clearfix\"><\/div>\r\n<\/div>\t\t<\/div>\n\t\t\t\t<\/div>\n\t\t\t\t<div class=\"elementor-element elementor-element-15eaaec elementor-widget elementor-widget-gva-tabs-content\" data-id=\"15eaaec\" data-element_type=\"widget\" data-widget_type=\"gva-tabs-content.default\">\n\t\t\t\t<div class=\"elementor-widget-container\">\n\t\t\t\t\t<div class=\"gsc-tabs-content\" role=\"tablist\">\n\t\t\t<div class=\"tabs_wrapper\">\n\t\t\t\t\n\t\t\t\t<ul class=\"nav_tabs clearfix\">\n\t\t\t\t\t\t\t\t\t\t\t<li class=\"elementor-repeater-item-cc3c000 active show\">\n\t\t\t\t\t\t\t<a class=\"active show\" role=\"tab\" data-toggle=\"tab\" href=\"#91s9-0\">\n\t\t\t\t\t\t\t\tEscudo\t\t\t\t\t\t\t<\/a>\n\t\t\t\t\t\t<\/li>\n\t\t\t\t\t\t\t\t\t\t\t<li class=\"elementor-repeater-item-c171203\">\n\t\t\t\t\t\t\t<a class=\"\" role=\"tab\" data-toggle=\"tab\" href=\"#91s9-1\">\n\t\t\t\t\t\t\t\tBandera\t\t\t\t\t\t\t<\/a>\n\t\t\t\t\t\t<\/li>\n\t\t\t\t\t\t\t\t\t<\/ul>\n\t\t\t\t\n\n\t\t\t\t<div class=\"tab-content clearfix\">\n\t\t\t\t\t\t\t\t\t\t\t<div class=\"tab-pane fade in active show\" role=\"tabpanel\" id=\"91s9-0\">\n\t\t\t\t\t\t\t\t\t\t\t\t\t\t\t<div class=\"tab-image\">\n\t\t\t\t\t\t\t\t\t<a href=\"http:\/\/marcapueblo.ual.es\/wp-content\/uploads\/2022\/02\/Abrucena.png\" class=\"popup-image\">\n\t\t\t\t\t\t\t\t\t\t<img decoding=\"async\" src=\"http:\/\/marcapueblo.ual.es\/wp-content\/uploads\/2022\/02\/Abrucena.png\" alt=\"Escudo\" \/>\n\t\t\t\t\t\t\t\t\t<\/a>\t\n\t\t\t\t\t\t\t\t<\/div>\n\t\t\t\t\t\t\t\t\t\t\t\t\t\t<div class=\"tab-content-item has_image\">\n\t\t\t\t\t\t\t\t<div class=\"tab-item-title\">Escudo<\/div>\n\t\t\t\t\t\t\t\t<p>Descripci\u00f3n: De un solo cuartel. De sinople, un torre\u00f3n semiderruido de oro, mazonado de sable y aclarado de azur, terrazado de oro acompa\u00f1ado, en la diestra de un olivo de plata y en la siniestra, una encina del mismo metal y m\u00e1s al inferior a la diestra y la siniestra unas ondas de plata y azur. Timbrado de la corona real cerrada.<\/p><p>Significado de las figuras del escudo: De un solo cuartel. De sinople, un torre\u00f3n semiderruido de oro, mazonado de sable y aclarado de azur, terrazado de oro acompa\u00f1ado, en la diestra de un olivo de plata y en la siniestra, una encina del mismo metal y m\u00e1s al inferior a la diestra y la siniestra unas ondas de plata y azur. Timbrado de la corona real cerrada.<\/p>\t\t\t\t\t\t\t<\/div>\n\t\t\t\t\t\t<\/div>\n\t\t\t\t\t\n\t\t\t\t\t\t\t\t\t\t\t<div class=\"tab-pane fade in \" role=\"tabpanel\" id=\"91s9-1\">\n\t\t\t\t\t\t\t\t\t\t\t\t\t\t\t<div class=\"tab-image\">\n\t\t\t\t\t\t\t\t\t<a href=\"http:\/\/marcapueblo.ual.es\/wp-content\/uploads\/2022\/02\/Bandera_de_Abrucena.png\" class=\"popup-image\">\n\t\t\t\t\t\t\t\t\t\t<img decoding=\"async\" src=\"http:\/\/marcapueblo.ual.es\/wp-content\/uploads\/2022\/02\/Bandera_de_Abrucena.png\" alt=\"Bandera\" \/>\n\t\t\t\t\t\t\t\t\t<\/a>\t\n\t\t\t\t\t\t\t\t<\/div>\n\t\t\t\t\t\t\t\t\t\t\t\t\t\t<div class=\"tab-content-item has_image\">\n\t\t\t\t\t\t\t\t<div class=\"tab-item-title\">Bandera<\/div>\n\t\t\t\t\t\t\t\t<p>Descripci\u00f3n: De un solo cuartel. De sinople, un torre\u00f3n semiderruido de oro, mazonado de sable y aclarado de azur, terrazado de oro acompa\u00f1ado, en la diestra de un olivo de plata y en la siniestra, una encina del mismo metal y m\u00e1s al inferior a la diestra y la siniestra unas ondas de plata y azur. Timbrado de la corona real cerrada.<\/p>\t\t\t\t\t\t\t<\/div>\n\t\t\t\t\t\t<\/div>\n\t\t\t\t\t\n\t\t\t\t\t\t\t\t\t<\/div>\n\t\t\t<\/div>\t\n\t\t<\/div>\n\t\t\t\t<\/div>\n\t\t\t\t<\/div>\n\t\t\t\t\t<\/div>\n\t\t<\/div>\n\t\t\t\t\t\t\t<\/div>\n\t\t<\/section>\n\t\t\t\t<section class=\"elementor-section elementor-top-section elementor-element elementor-element-1eddb4b0 elementor-section-boxed elementor-section-height-default elementor-section-height-default\" data-id=\"1eddb4b0\" data-element_type=\"section\" data-settings=\"{&quot;background_background&quot;:&quot;classic&quot;}\">\n\t\t\t\t\t\t<div class=\"elementor-container elementor-column-gap-default\">\n\t\t\t\t\t<div class=\"elementor-column elementor-col-50 elementor-top-column elementor-element elementor-element-28eb3e5e column-style-top\" data-id=\"28eb3e5e\" data-element_type=\"column\">\n\t\t\t<div class=\"elementor-widget-wrap elementor-element-populated\">\n\t\t\t\t\t\t\t\t<div class=\"elementor-element elementor-element-0986f0c elementor-widget elementor-widget-heading\" data-id=\"0986f0c\" data-element_type=\"widget\" data-widget_type=\"heading.default\">\n\t\t\t\t<div class=\"elementor-widget-container\">\n\t\t\t<h2 class=\"elementor-heading-title elementor-size-default\">Econom\u00eda<\/h2>\t\t<\/div>\n\t\t\t\t<\/div>\n\t\t\t\t<div class=\"elementor-element elementor-element-0d0fc2c elementor-widget elementor-widget-text-editor\" data-id=\"0d0fc2c\" data-element_type=\"widget\" data-widget_type=\"text-editor.default\">\n\t\t\t\t<div class=\"elementor-widget-container\">\n\t\t\t\t\t\t\t<p>Los almendros y los olivos son los productos m\u00e1s extendidos por el municipio.<\/p>\t\t\t\t\t\t<\/div>\n\t\t\t\t<\/div>\n\t\t\t\t\t<\/div>\n\t\t<\/div>\n\t\t\t\t<div class=\"elementor-column elementor-col-50 elementor-top-column elementor-element elementor-element-8d5b9a8 column-style-top\" data-id=\"8d5b9a8\" data-element_type=\"column\">\n\t\t\t<div class=\"elementor-widget-wrap elementor-element-populated\">\n\t\t\t\t\t\t\t\t<div class=\"elementor-element elementor-element-808663a elementor-widget elementor-widget-heading\" data-id=\"808663a\" data-element_type=\"widget\" data-widget_type=\"heading.default\">\n\t\t\t\t<div class=\"elementor-widget-container\">\n\t\t\t<h2 class=\"elementor-heading-title elementor-size-default\">Gastronom\u00eda<\/h2>\t\t<\/div>\n\t\t\t\t<\/div>\n\t\t\t\t<div class=\"elementor-element elementor-element-af2ff2f elementor-widget elementor-widget-text-editor\" data-id=\"af2ff2f\" data-element_type=\"widget\" data-widget_type=\"text-editor.default\">\n\t\t\t\t<div class=\"elementor-widget-container\">\n\t\t\t\t\t\t\t<p>Los platos m\u00e1s t\u00edpicos son las migas, la frit\u00e1 de conejo y los gurullos.<\/p>\t\t\t\t\t\t<\/div>\n\t\t\t\t<\/div>\n\t\t\t\t\t<\/div>\n\t\t<\/div>\n\t\t\t\t\t\t\t<\/div>\n\t\t<\/section>\n\t\t\t\t<section class=\"elementor-section elementor-top-section elementor-element elementor-element-d2d94ee elementor-section-boxed elementor-section-height-default elementor-section-height-default\" data-id=\"d2d94ee\" data-element_type=\"section\" data-settings=\"{&quot;background_background&quot;:&quot;classic&quot;}\">\n\t\t\t\t\t\t\t<div class=\"elementor-background-overlay\"><\/div>\n\t\t\t\t\t\t\t<div class=\"elementor-container elementor-column-gap-default\">\n\t\t\t\t\t<div class=\"elementor-column elementor-col-100 elementor-top-column elementor-element elementor-element-4c41252 column-style-top\" data-id=\"4c41252\" data-element_type=\"column\">\n\t\t\t<div class=\"elementor-widget-wrap elementor-element-populated\">\n\t\t\t\t\t\t\t\t<div class=\"elementor-element elementor-element-eddd226 elementor-widget elementor-widget-text-editor\" data-id=\"eddd226\" data-element_type=\"widget\" data-widget_type=\"text-editor.default\">\n\t\t\t\t<div class=\"elementor-widget-container\">\n\t\t\t\t\t\t\t<p style=\"text-align: center;\">Este municipio cuenta con numerosos d\u00edas festivos de los que se pueden destacar:<\/p><p style=\"text-align: center;\"><strong>San Ant\u00f3n<\/strong> en enero con sus hogueras.<\/p><p style=\"text-align: center;\"><strong>Fiesta de la Candelaria<\/strong> en febrero.<\/p><p style=\"text-align: center;\"><strong>Carnaval<\/strong> en febrero.<\/p><p style=\"text-align: center;\">Los <strong>Quintos<\/strong> festejados en marzo.<\/p><p style=\"text-align: center;\"><strong>San Jos\u00e9<\/strong> en marzo.<\/p><p style=\"text-align: center;\">El <strong>Jueves Lardero<\/strong>, festejado el Jueves anterior al Mi\u00e9rcoles de Ceniza.<\/p><p style=\"text-align: center;\"><strong>San Marcos<\/strong> celebrado durante el mes de abril.<\/p><p style=\"text-align: center;\">La <strong>Festividad del Corpus.<\/strong><\/p><p style=\"text-align: center;\"><strong>La Verbena de San Juan<\/strong> en junio.<\/p><p style=\"text-align: center;\">La <strong>Virgen del Carmen<\/strong>, patrona de La Vega y el Camino Real, durante el mes de julio.<\/p>\t\t\t\t\t\t<\/div>\n\t\t\t\t<\/div>\n\t\t\t\t\t<\/div>\n\t\t<\/div>\n\t\t\t\t\t\t\t<\/div>\n\t\t<\/section>\n\t\t\t\t<section class=\"elementor-section elementor-top-section elementor-element elementor-element-aa347df elementor-section-boxed elementor-section-height-default elementor-section-height-default\" data-id=\"aa347df\" data-element_type=\"section\" data-settings=\"{&quot;background_background&quot;:&quot;classic&quot;}\">\n\t\t\t\t\t\t<div class=\"elementor-container elementor-column-gap-default\">\n\t\t\t\t\t<div class=\"elementor-column elementor-col-100 elementor-top-column elementor-element elementor-element-7e2eef4 column-style-top\" data-id=\"7e2eef4\" data-element_type=\"column\">\n\t\t\t<div class=\"elementor-widget-wrap elementor-element-populated\">\n\t\t\t\t\t\t\t\t<div class=\"elementor-element elementor-element-11bac98 elementor-widget elementor-widget-heading\" data-id=\"11bac98\" data-element_type=\"widget\" data-widget_type=\"heading.default\">\n\t\t\t\t<div class=\"elementor-widget-container\">\n\t\t\t<h2 class=\"elementor-heading-title elementor-size-default\">Demograf\u00eda<\/h2>\t\t<\/div>\n\t\t\t\t<\/div>\n\t\t\t\t<div class=\"elementor-element elementor-element-61c7d81 elementor-widget elementor-widget-shortcode\" data-id=\"61c7d81\" data-element_type=\"widget\" data-widget_type=\"shortcode.default\">\n\t\t\t\t<div class=\"elementor-widget-container\">\n\t\t\t\t\t<div class=\"elementor-shortcode\"><div class=\"visualizer-front-container visualizer-lazy-render\"><style type=\"text\/css\" name=\"visualizer-custom-css\" id=\"customcss-visualizer-8916\">.locker,.locker-loader{position:absolute;top:0;left:0;width:100%;height:100%}.locker{z-index:1000;opacity:.8;background-color:#fff;-ms-filter:\"progid:DXImageTransform.Microsoft.Alpha(Opacity=80)\";filter:alpha(opacity=80)}.locker-loader{z-index:1001;background:url(http:\/\/marcapueblo.ual.es\/wp-content\/plugins\/visualizer\/images\/ajax-loader.gif) no-repeat center center}.dt-button{display:none!important}.visualizer-front-container.visualizer-lazy-render{content-visibility: auto;}<\/style><div id=\"visualizer-8916-971445144\"class=\"visualizer-front  visualizer-front-8916\"><\/div><!-- Not showing structured data for chart 8916 because title is empty --><\/div><\/div>\n\t\t\t\t<\/div>\n\t\t\t\t<\/div>\n\t\t\t\t\t<\/div>\n\t\t<\/div>\n\t\t\t\t\t\t\t<\/div>\n\t\t<\/section>\n\t\t\t\t<section class=\"elementor-section elementor-top-section elementor-element elementor-element-e0339a2 elementor-section-boxed elementor-section-height-default elementor-section-height-default\" data-id=\"e0339a2\" data-element_type=\"section\" data-settings=\"{&quot;background_background&quot;:&quot;classic&quot;}\">\n\t\t\t\t\t\t\t<div class=\"elementor-background-overlay\"><\/div>\n\t\t\t\t\t\t\t<div class=\"elementor-container elementor-column-gap-default\">\n\t\t\t\t\t<div class=\"elementor-column elementor-col-100 elementor-top-column elementor-element elementor-element-b39376c column-style-top\" data-id=\"b39376c\" data-element_type=\"column\">\n\t\t\t<div class=\"elementor-widget-wrap elementor-element-populated\">\n\t\t\t\t\t\t\t\t<div class=\"elementor-element elementor-element-e9dbba5 elementor-widget elementor-widget-heading\" data-id=\"e9dbba5\" data-element_type=\"widget\" data-widget_type=\"heading.default\">\n\t\t\t\t<div class=\"elementor-widget-container\">\n\t\t\t<h2 class=\"elementor-heading-title elementor-size-default\">RECURSOS<\/h2>\t\t<\/div>\n\t\t\t\t<\/div>\n\t\t\t\t<div class=\"elementor-element elementor-element-c51cf16 elementor-widget elementor-widget-text-editor\" data-id=\"c51cf16\" data-element_type=\"widget\" data-widget_type=\"text-editor.default\">\n\t\t\t\t<div class=\"elementor-widget-container\">\n\t\t\t\t\t\t\t<p>Es un municipio cuyo mayor patrimonio es el natural. Este nos deja unas rutas \u00fanicas de senderismo. Las rutas, desde donde se pueden ver la Sierra de Filabres o la Vega de Abrucena, que siguen el cauce del r\u00edo Nacimiento, la del paraje \u201cR\u00edo de la Mina\u201d, el \u201cBarranco del Diablo\u201d, el \u201cBarranco del Peral\u201d o \u201cLos Puntalillos\u201d, que se consideran parajes de gran valor medioambiental y cultural.<\/p>\t\t\t\t\t\t<\/div>\n\t\t\t\t<\/div>\n\t\t\t\t<section class=\"elementor-section elementor-inner-section elementor-element elementor-element-0337a73 elementor-section-boxed elementor-section-height-default elementor-section-height-default\" data-id=\"0337a73\" data-element_type=\"section\">\n\t\t\t\t\t\t<div class=\"elementor-container elementor-column-gap-default\">\n\t\t\t\t\t<div class=\"elementor-column elementor-col-50 elementor-inner-column elementor-element elementor-element-4c90f7d column-style-top\" data-id=\"4c90f7d\" data-element_type=\"column\">\n\t\t\t<div class=\"elementor-widget-wrap elementor-element-populated\">\n\t\t\t\t\t\t\t\t<div class=\"elementor-element elementor-element-b35afe0 elementor-widget elementor-widget-heading\" data-id=\"b35afe0\" data-element_type=\"widget\" data-widget_type=\"heading.default\">\n\t\t\t\t<div class=\"elementor-widget-container\">\n\t\t\t<h2 class=\"elementor-heading-title elementor-size-default\">PATRIMONIO NATURAL<\/h2>\t\t<\/div>\n\t\t\t\t<\/div>\n\t\t\t\t<div class=\"elementor-element elementor-element-91c5c82 elementor-widget elementor-widget-text-editor\" data-id=\"91c5c82\" data-element_type=\"widget\" data-widget_type=\"text-editor.default\">\n\t\t\t\t<div class=\"elementor-widget-container\">\n\t\t\t\t\t\t\t<p>\u00c1rea recreativa La Roza <br \/>Para disfrutar del campo, con un curso de agua fluyendo permanentemente y con zonas adaptadas para no da\u00f1ar la flora y fauna.<\/p>\t\t\t\t\t\t<\/div>\n\t\t\t\t<\/div>\n\t\t\t\t\t<\/div>\n\t\t<\/div>\n\t\t\t\t<div class=\"elementor-column elementor-col-50 elementor-inner-column elementor-element elementor-element-a51a5bb column-style-top\" data-id=\"a51a5bb\" data-element_type=\"column\">\n\t\t\t<div class=\"elementor-widget-wrap elementor-element-populated\">\n\t\t\t\t\t\t\t\t<div class=\"elementor-element elementor-element-5f44030 elementor-widget elementor-widget-heading\" data-id=\"5f44030\" data-element_type=\"widget\" data-widget_type=\"heading.default\">\n\t\t\t\t<div class=\"elementor-widget-container\">\n\t\t\t<h2 class=\"elementor-heading-title elementor-size-default\">Patrimonio Art\u00edstico y Monumental<\/h2>\t\t<\/div>\n\t\t\t\t<\/div>\n\t\t\t\t<div class=\"elementor-element elementor-element-9d8acd2 elementor-widget elementor-widget-text-editor\" data-id=\"9d8acd2\" data-element_type=\"widget\" data-widget_type=\"text-editor.default\">\n\t\t\t\t<div class=\"elementor-widget-container\">\n\t\t\t\t\t\t\t<p>Restos arqueol\u00f3gicos <br \/>Restos de cer\u00e1micas e indicios de construcciones neol\u00edticas declaradas Patrimonio Hist\u00f3rico Espa\u00f1ol.<\/p><p><br \/>El Castillejo <br \/>Ruinas de una fortificaci\u00f3n de origen \u00e1rabe, empezada en el reinado de Abd-Allah. Fue finalizada en el a\u00f1o 1.570. Reedificada sobre una construcci\u00f3n romana. Hasta hoy, han llegado en pie los restos de murallas, torreones y un aljibe.<\/p><p>Iglesia Parroquial de Nuestra Se\u00f1ora de la Anunciaci\u00f3n <br \/>Construida entre los siglos XVI y XVII, sobre los restos de una Mezquita \u00e1rabe, fue reconvertida en un Templo cristiano. Reconstruida en 1.828 por un incendio.<\/p><p>Ermita de San Jos\u00e9<br \/>La podemos encontrar a las afueras del pueblo, en honor al patr\u00f3n del pueblo. Remodelada en 1.710. Al lado de la construcci\u00f3n se erige un aljibe.<\/p><p>\u00a0<\/p>\t\t\t\t\t\t<\/div>\n\t\t\t\t<\/div>\n\t\t\t\t\t<\/div>\n\t\t<\/div>\n\t\t\t\t\t\t\t<\/div>\n\t\t<\/section>\n\t\t\t\t\t<\/div>\n\t\t<\/div>\n\t\t\t\t\t\t\t<\/div>\n\t\t<\/section>\n\t\t\t\t<section class=\"elementor-section elementor-top-section elementor-element elementor-element-62d5f8c elementor-section-boxed elementor-section-height-default elementor-section-height-default\" data-id=\"62d5f8c\" data-element_type=\"section\">\n\t\t\t\t\t\t<div class=\"elementor-container elementor-column-gap-default\">\n\t\t\t\t\t<div class=\"elementor-column elementor-col-100 elementor-top-column elementor-element elementor-element-cf0ec58 column-style-top\" data-id=\"cf0ec58\" data-element_type=\"column\">\n\t\t\t<div class=\"elementor-widget-wrap elementor-element-populated\">\n\t\t\t\t\t\t\t\t<div class=\"elementor-element elementor-element-c20c10d elementor-widget elementor-widget-gva-video-box\" data-id=\"c20c10d\" data-element_type=\"widget\" data-widget_type=\"gva-video-box.default\">\n\t\t\t\t<div class=\"elementor-widget-container\">\n\t\t\t<div class=\"gva-element-gva-video-box gva-element\">\r\n         <div class=\"widget gsc-video-box clearfix style-1\">\r\n         <div class=\"video-inner\">\r\n            <span class=\"video-action\">\r\n                 \r\n            <\/span>    \r\n         <\/div>\r\n      <\/div> \r\n   \r\n   <\/div>\t\t<\/div>\n\t\t\t\t<\/div>\n\t\t\t\t\t<\/div>\n\t\t<\/div>\n\t\t\t\t\t\t\t<\/div>\n\t\t<\/section>\n\t\t\t\t\t\t\t<\/div>\n\t\t","protected":false},"excerpt":{"rendered":"<p>Abrucena, es un municipio de la comarca de Los Filabres-Tabernas, de la provincia de Almer\u00eda, a 67 km de la capital. En concreto, se sit\u00faa en la parte de la\u00a0 [&hellip;]<\/p>\n","protected":false},"author":1,"featured_media":0,"parent":0,"menu_order":0,"comment_status":"closed","ping_status":"closed","template":"","meta":{"footnotes":""},"class_list":["post-8897","page","type-page","status-publish","hentry"],"_links":{"self":[{"href":"http:\/\/marcapueblo.ual.es\/index.php?rest_route=\/wp\/v2\/pages\/8897","targetHints":{"allow":["GET"]}}],"collection":[{"href":"http:\/\/marcapueblo.ual.es\/index.php?rest_route=\/wp\/v2\/pages"}],"about":[{"href":"http:\/\/marcapueblo.ual.es\/index.php?rest_route=\/wp\/v2\/types\/page"}],"author":[{"embeddable":true,"href":"http:\/\/marcapueblo.ual.es\/index.php?rest_route=\/wp\/v2\/users\/1"}],"replies":[{"embeddable":true,"href":"http:\/\/marcapueblo.ual.es\/index.php?rest_route=%2Fwp%2Fv2%2Fcomments&post=8897"}],"version-history":[{"count":94,"href":"http:\/\/marcapueblo.ual.es\/index.php?rest_route=\/wp\/v2\/pages\/8897\/revisions"}],"predecessor-version":[{"id":9423,"href":"http:\/\/marcapueblo.ual.es\/index.php?rest_route=\/wp\/v2\/pages\/8897\/revisions\/9423"}],"wp:attachment":[{"href":"http:\/\/marcapueblo.ual.es\/index.php?rest_route=%2Fwp%2Fv2%2Fmedia&parent=8897"}],"curies":[{"name":"wp","href":"https:\/\/api.w.org\/{rel}","templated":true}]}}