{"id":9052,"date":"2022-02-16T16:02:09","date_gmt":"2022-02-16T16:02:09","guid":{"rendered":"http:\/\/marcapueblo.ual.es\/?page_id=9052"},"modified":"2023-04-24T11:59:39","modified_gmt":"2023-04-24T11:59:39","slug":"laujar-de-andarax","status":"publish","type":"page","link":"http:\/\/marcapueblo.ual.es\/?page_id=9052","title":{"rendered":"Laujar de Andarax"},"content":{"rendered":"\t\t<div data-elementor-type=\"wp-page\" data-elementor-id=\"9052\" class=\"elementor elementor-9052\">\n\t\t\t\t\t\t\t\t\t<section class=\"elementor-section elementor-top-section elementor-element elementor-element-19c6f08 elementor-section-boxed elementor-section-height-default elementor-section-height-default\" data-id=\"19c6f08\" data-element_type=\"section\" data-settings=\"{&quot;background_background&quot;:&quot;classic&quot;}\">\n\t\t\t\t\t\t<div class=\"elementor-container elementor-column-gap-default\">\n\t\t\t\t\t<div class=\"elementor-column elementor-col-100 elementor-top-column elementor-element elementor-element-a1e5328 column-style-top\" data-id=\"a1e5328\" data-element_type=\"column\">\n\t\t\t<div class=\"elementor-widget-wrap elementor-element-populated\">\n\t\t\t\t\t\t\t\t<div class=\"elementor-element elementor-element-bb20986 elementor-widget elementor-widget-html\" data-id=\"bb20986\" data-element_type=\"widget\" data-widget_type=\"html.default\">\n\t\t\t\t<div class=\"elementor-widget-container\">\n\t\t\t<iframe loading=\"lazy\" width=\"1280\" height=\"720\" src=\"https:\/\/www.youtube.com\/embed\/UTuQJ7c5uxc\" title=\"MARCA PUEBLO LAUJAR DEL ANDARAX\" frameborder=\"0\" allow=\"accelerometer; autoplay; clipboard-write; encrypted-media; gyroscope; picture-in-picture; web-share\" allowfullscreen><\/iframe>\t\t<\/div>\n\t\t\t\t<\/div>\n\t\t\t\t\t<\/div>\n\t\t<\/div>\n\t\t\t\t\t\t\t<\/div>\n\t\t<\/section>\n\t\t\t\t<section class=\"elementor-section elementor-top-section elementor-element elementor-element-51f4015 elementor-section-boxed elementor-section-height-default elementor-section-height-default\" data-id=\"51f4015\" data-element_type=\"section\">\n\t\t\t\t\t\t<div class=\"elementor-container elementor-column-gap-default\">\n\t\t\t\t\t<div class=\"elementor-column elementor-col-50 elementor-top-column elementor-element elementor-element-29c14d0 column-style-top\" data-id=\"29c14d0\" data-element_type=\"column\">\n\t\t\t<div class=\"elementor-widget-wrap elementor-element-populated\">\n\t\t\t\t\t\t\t\t<div class=\"elementor-element elementor-element-857ef66 elementor-widget elementor-widget-text-editor\" data-id=\"857ef66\" data-element_type=\"widget\" data-widget_type=\"text-editor.default\">\n\t\t\t\t<div class=\"elementor-widget-container\">\n\t\t\t<style>\/*! elementor - v3.16.0 - 20-09-2023 *\/\n.elementor-widget-text-editor.elementor-drop-cap-view-stacked .elementor-drop-cap{background-color:#69727d;color:#fff}.elementor-widget-text-editor.elementor-drop-cap-view-framed .elementor-drop-cap{color:#69727d;border:3px solid;background-color:transparent}.elementor-widget-text-editor:not(.elementor-drop-cap-view-default) .elementor-drop-cap{margin-top:8px}.elementor-widget-text-editor:not(.elementor-drop-cap-view-default) .elementor-drop-cap-letter{width:1em;height:1em}.elementor-widget-text-editor .elementor-drop-cap{float:left;text-align:center;line-height:1;font-size:50px}.elementor-widget-text-editor .elementor-drop-cap-letter{display:inline-block}<\/style>\t\t\t\t<p>\u00a0<br \/>Est\u00e1 situado al noroeste de la provincia en las coordenadas 36\u00ba 59\u00b4 N y 2\u00ba 53\u00b4 O, a una distancia de 70 Km de la capital de la provincia y a 920 m sobre el nivel de mar.<\/p><p>El pueblo se encuentra situado en un valle entre la falda sur de Sierra Nevada y la Sierra de G\u00e1dor, en pleno coraz\u00f3n de la Alpujarra.<\/p>\t\t\t\t\t\t<\/div>\n\t\t\t\t<\/div>\n\t\t\t\t<div class=\"elementor-element elementor-element-58fe elementor-widget elementor-widget-image\" data-id=\"58fe\" data-element_type=\"widget\" data-widget_type=\"image.default\">\n\t\t\t\t<div class=\"elementor-widget-container\">\n\t\t\t<style>\/*! elementor - v3.16.0 - 20-09-2023 *\/\n.elementor-widget-image{text-align:center}.elementor-widget-image a{display:inline-block}.elementor-widget-image a img[src$=\".svg\"]{width:48px}.elementor-widget-image img{vertical-align:middle;display:inline-block}<\/style>\t\t\t\t\t\t\t\t\t\t\t\t<img loading=\"lazy\" decoding=\"async\" width=\"900\" height=\"602\" src=\"http:\/\/marcapueblo.ual.es\/wp-content\/uploads\/2022\/02\/Sierra-de-Gador-Laujar-de-Andarax-Almeria-e1604405344293.png\" class=\"attachment-large size-large wp-image-9057\" alt=\"\" \/>\t\t\t\t\t\t\t\t\t\t\t\t\t\t\t<\/div>\n\t\t\t\t<\/div>\n\t\t\t\t<div class=\"elementor-element elementor-element-5e80 elementor-widget elementor-widget-image\" data-id=\"5e80\" data-element_type=\"widget\" data-widget_type=\"image.default\">\n\t\t\t\t<div class=\"elementor-widget-container\">\n\t\t\t\t\t\t\t\t\t\t\t\t\t\t\t<img loading=\"lazy\" decoding=\"async\" width=\"900\" height=\"602\" src=\"http:\/\/marcapueblo.ual.es\/wp-content\/uploads\/2022\/02\/La-iglesia-de-Laujar-de-Andarax-e1604405645138.png\" class=\"attachment-large size-large wp-image-9056\" alt=\"\" \/>\t\t\t\t\t\t\t\t\t\t\t\t\t\t\t<\/div>\n\t\t\t\t<\/div>\n\t\t\t\t\t<\/div>\n\t\t<\/div>\n\t\t\t\t<div class=\"elementor-column elementor-col-50 elementor-top-column elementor-element elementor-element-fe1f0cf column-style-top\" data-id=\"fe1f0cf\" data-element_type=\"column\">\n\t\t\t<div class=\"elementor-widget-wrap elementor-element-populated\">\n\t\t\t\t\t\t\t\t<section class=\"elementor-section elementor-inner-section elementor-element elementor-element-69c5837 elementor-section-boxed elementor-section-height-default elementor-section-height-default\" data-id=\"69c5837\" data-element_type=\"section\">\n\t\t\t\t\t\t<div class=\"elementor-container elementor-column-gap-default\">\n\t\t\t\t\t<div class=\"elementor-column elementor-col-100 elementor-inner-column elementor-element elementor-element-498d3a1 column-style-top\" data-id=\"498d3a1\" data-element_type=\"column\">\n\t\t\t<div class=\"elementor-widget-wrap elementor-element-populated\">\n\t\t\t\t\t\t\t\t<div class=\"elementor-element elementor-element-cada66c elementor-widget elementor-widget-image\" data-id=\"cada66c\" data-element_type=\"widget\" data-widget_type=\"image.default\">\n\t\t\t\t<div class=\"elementor-widget-container\">\n\t\t\t\t\t\t\t\t\t\t\t\t\t\t\t<img loading=\"lazy\" decoding=\"async\" width=\"900\" height=\"675\" src=\"http:\/\/marcapueblo.ual.es\/wp-content\/uploads\/2022\/02\/Que-ver-en-Laujar-de-Andarax-en-la-Alpujarra-almeriense-e1604405072380.jpg\" class=\"attachment-large size-large wp-image-9055\" alt=\"\" \/>\t\t\t\t\t\t\t\t\t\t\t\t\t\t\t<\/div>\n\t\t\t\t<\/div>\n\t\t\t\t<div class=\"elementor-element elementor-element-5151a98 elementor-widget elementor-widget-text-editor\" data-id=\"5151a98\" data-element_type=\"widget\" data-widget_type=\"text-editor.default\">\n\t\t\t\t<div class=\"elementor-widget-container\">\n\t\t\t\t\t\t\t<table><tbody><tr><td width=\"293\"><p><strong>Com. Aut\u00f3noma<\/strong><\/p><\/td><td width=\"293\"><p>Andaluc\u00eda<\/p><\/td><\/tr><tr><td width=\"293\"><p><strong>Provincia<\/strong><\/p><\/td><td width=\"293\"><p>Almer\u00eda<\/p><\/td><\/tr><tr><td width=\"293\"><p><strong>Comarca<\/strong><\/p><\/td><td width=\"293\"><p>Alpujarra<\/p><\/td><\/tr><tr><td width=\"293\"><p><strong>Partido judicial<\/strong><\/p><\/td><td width=\"293\"><p>Berja<\/p><\/td><\/tr><tr><td width=\"293\"><p><strong>Poblaci\u00f3n<\/strong><\/p><\/td><td width=\"293\"><p>1536 (2019)<\/p><\/td><\/tr><tr><td width=\"293\"><p><strong>Gentilicio<\/strong><\/p><\/td><td width=\"293\"><p>Laujare\u00f1o\/a<\/p><\/td><\/tr><tr><td width=\"293\"><p><strong>Sitio web<\/strong><\/p><\/td><td width=\"293\"><p>http:\/\/www.laujardeandarax.es\/<\/p><\/td><\/tr><\/tbody><\/table>\t\t\t\t\t\t<\/div>\n\t\t\t\t<\/div>\n\t\t\t\t\t<\/div>\n\t\t<\/div>\n\t\t\t\t\t\t\t<\/div>\n\t\t<\/section>\n\t\t\t\t\t<\/div>\n\t\t<\/div>\n\t\t\t\t\t\t\t<\/div>\n\t\t<\/section>\n\t\t\t\t<section class=\"elementor-section elementor-top-section elementor-element elementor-element-35a41cf elementor-section-full_width elementor-section-height-default elementor-section-height-default elementor-invisible\" data-id=\"35a41cf\" data-element_type=\"section\" data-settings=\"{&quot;background_background&quot;:&quot;classic&quot;,&quot;animation&quot;:&quot;slideInUp&quot;}\">\n\t\t\t\t\t\t<div class=\"elementor-container elementor-column-gap-default\">\n\t\t\t\t\t<div class=\"elementor-column elementor-col-100 elementor-top-column elementor-element elementor-element-67aca3c column-style-top\" data-id=\"67aca3c\" data-element_type=\"column\">\n\t\t\t<div class=\"elementor-widget-wrap elementor-element-populated\">\n\t\t\t\t\t\t\t\t<div class=\"elementor-element elementor-element-f2f63f3 elementor-widget elementor-widget-heading\" data-id=\"f2f63f3\" data-element_type=\"widget\" data-widget_type=\"heading.default\">\n\t\t\t\t<div class=\"elementor-widget-container\">\n\t\t\t<style>\/*! elementor - v3.16.0 - 20-09-2023 *\/\n.elementor-heading-title{padding:0;margin:0;line-height:1}.elementor-widget-heading .elementor-heading-title[class*=elementor-size-]>a{color:inherit;font-size:inherit;line-height:inherit}.elementor-widget-heading .elementor-heading-title.elementor-size-small{font-size:15px}.elementor-widget-heading .elementor-heading-title.elementor-size-medium{font-size:19px}.elementor-widget-heading .elementor-heading-title.elementor-size-large{font-size:29px}.elementor-widget-heading .elementor-heading-title.elementor-size-xl{font-size:39px}.elementor-widget-heading .elementor-heading-title.elementor-size-xxl{font-size:59px}<\/style><h2 class=\"elementor-heading-title elementor-size-default\">Localizaci\u00f3n y geograf\u00eda<\/h2>\t\t<\/div>\n\t\t\t\t<\/div>\n\t\t\t\t<div class=\"elementor-element elementor-element-193a48c elementor-widget__width-inherit elementor-widget elementor-widget-text-editor\" data-id=\"193a48c\" data-element_type=\"widget\" data-widget_type=\"text-editor.default\">\n\t\t\t\t<div class=\"elementor-widget-container\">\n\t\t\t\t\t\t\t<iframe src=\"https:\/\/www.google.com\/maps\/embed?pb=!1m18!1m12!1m3!1d12746.545883892652!2d-2.902744410815831!3d36.99460967854209!2m3!1f0!2f0!3f0!3m2!1i1024!2i768!4f13.1!3m3!1m2!1s0xd703979ddbad825%3A0xc03c0f3abe8e0da6!2s04470%20Laujar%20de%20Andarax%2C%20Almer%C3%ADa!5e0!3m2!1ses!2ses!4v1645027524068!5m2!1ses!2ses\" width=\"800\" height=\"600\" style=\"border:0;\" allowfullscreen=\"\" loading=\"lazy\"><\/iframe>\t\t\t\t\t\t<\/div>\n\t\t\t\t<\/div>\n\t\t\t\t<div class=\"elementor-element elementor-element-aa9c8f7 elementor-widget elementor-widget-text-editor\" data-id=\"aa9c8f7\" data-element_type=\"widget\" data-widget_type=\"text-editor.default\">\n\t\t\t\t<div class=\"elementor-widget-container\">\n\t\t\t\t\t\t\t<p style=\"text-align: center;\">El municipio se encuentra limitado con Hu\u00e9neja, Fi\u00f1ana, Abrucena, Fond\u00f3n, Berja, Paterna del R\u00edo y Alcolea.<\/p><p style=\"text-align: center;\">El n\u00facleo urbano se localiza a 36\u00ba 59\u00b4 38\u00b4\u00b4N y 2\u00ba 53\u00b4 49\u00b4\u00b4 O, a 918 metros de altitud sobre el nivel del mar.<\/p>\t\t\t\t\t\t<\/div>\n\t\t\t\t<\/div>\n\t\t\t\t\t<\/div>\n\t\t<\/div>\n\t\t\t\t\t\t\t<\/div>\n\t\t<\/section>\n\t\t\t\t<section class=\"elementor-section elementor-top-section elementor-element elementor-element-c528f97 elementor-section-boxed elementor-section-height-default elementor-section-height-default\" data-id=\"c528f97\" data-element_type=\"section\">\n\t\t\t\t\t\t<div class=\"elementor-container elementor-column-gap-default\">\n\t\t\t\t\t<div class=\"elementor-column elementor-col-100 elementor-top-column elementor-element elementor-element-042cb6f column-style-top\" data-id=\"042cb6f\" data-element_type=\"column\">\n\t\t\t<div class=\"elementor-widget-wrap elementor-element-populated\">\n\t\t\t\t\t\t\t\t<div class=\"elementor-element elementor-element-0d6a159 elementor-widget elementor-widget-gva-heading-block\" data-id=\"0d6a159\" data-element_type=\"widget\" data-widget_type=\"gva-heading-block.default\">\n\t\t\t\t<div class=\"elementor-widget-container\">\n\t\t\t<div class=\"gva-element-gva-heading-block gva-element\">   <div class=\"align-center style-1 widget gsc-heading\">\r\n      <div class=\"content-inner\">\r\n         \r\n                  \r\n           \r\n         \r\n                     <h2 class=\"title\">\r\n               <span>S\u00cdMBOLOS<\/span>\r\n            <\/h2>\r\n                  \r\n         \r\n      <\/div>\r\n   <\/div>\r\n   <div class=\"clearfix\"><\/div>\r\n<\/div>\t\t<\/div>\n\t\t\t\t<\/div>\n\t\t\t\t<div class=\"elementor-element elementor-element-15eaaec elementor-widget elementor-widget-gva-tabs-content\" data-id=\"15eaaec\" data-element_type=\"widget\" data-widget_type=\"gva-tabs-content.default\">\n\t\t\t\t<div class=\"elementor-widget-container\">\n\t\t\t\t\t<div class=\"gsc-tabs-content\" role=\"tablist\">\n\t\t\t<div class=\"tabs_wrapper\">\n\t\t\t\t\n\t\t\t\t<ul class=\"nav_tabs clearfix\">\n\t\t\t\t\t\t\t\t\t\t\t<li class=\"elementor-repeater-item-cc3c000 active show\">\n\t\t\t\t\t\t\t<a class=\"active show\" role=\"tab\" data-toggle=\"tab\" href=\"#if63-0\">\n\t\t\t\t\t\t\t\tEscudo\t\t\t\t\t\t\t<\/a>\n\t\t\t\t\t\t<\/li>\n\t\t\t\t\t\t\t\t\t<\/ul>\n\t\t\t\t\n\n\t\t\t\t<div class=\"tab-content clearfix\">\n\t\t\t\t\t\t\t\t\t\t\t<div class=\"tab-pane fade in active show\" role=\"tabpanel\" id=\"if63-0\">\n\t\t\t\t\t\t\t\t\t\t\t\t\t\t\t<div class=\"tab-image\">\n\t\t\t\t\t\t\t\t\t<a href=\"http:\/\/marcapueblo.ual.es\/wp-content\/uploads\/2022\/02\/Laujar-de-Andarax.png\" class=\"popup-image\">\n\t\t\t\t\t\t\t\t\t\t<img decoding=\"async\" src=\"http:\/\/marcapueblo.ual.es\/wp-content\/uploads\/2022\/02\/Laujar-de-Andarax.png\" alt=\"Escudo\" \/>\n\t\t\t\t\t\t\t\t\t<\/a>\t\n\t\t\t\t\t\t\t\t<\/div>\n\t\t\t\t\t\t\t\t\t\t\t\t\t\t<div class=\"tab-content-item has_image\">\n\t\t\t\t\t\t\t\t<div class=\"tab-item-title\">Escudo<\/div>\n\t\t\t\t\t\t\t\t<p>Descripci\u00f3n: Escudo partido. Primero, de gules, un barco al natural sobre ondas de plata y azur. Segundo, de gules, un castillo de oro sobre ondas de plata y azur. Timbre corona real cerrada.\u00a0<\/p><p><br \/>Significado: El barco que aparece en el primer cuartel hace referencia a san Vicente M\u00e1rtir, patr\u00f3n de Laujar, al que se le han omitido un cuervo en la popa. Simbolismo similar lo encontramos en el escudo de Lisboa. El segundo cuartel puede hacer referencia al castillo de El Hiz\u00e1n. estos s\u00edmbolos ya aparec\u00edan en el escudo a principio del siglo XVIII.<\/p>\t\t\t\t\t\t\t<\/div>\n\t\t\t\t\t\t<\/div>\n\t\t\t\t\t\n\t\t\t\t\t\t\t\t\t<\/div>\n\t\t\t<\/div>\t\n\t\t<\/div>\n\t\t\t\t<\/div>\n\t\t\t\t<\/div>\n\t\t\t\t\t<\/div>\n\t\t<\/div>\n\t\t\t\t\t\t\t<\/div>\n\t\t<\/section>\n\t\t\t\t<section class=\"elementor-section elementor-top-section elementor-element elementor-element-72dbbd7 elementor-section-boxed elementor-section-height-default elementor-section-height-default\" data-id=\"72dbbd7\" data-element_type=\"section\">\n\t\t\t\t\t\t<div class=\"elementor-container elementor-column-gap-default\">\n\t\t\t\t\t<div class=\"elementor-column elementor-col-100 elementor-top-column elementor-element elementor-element-3f2a091 column-style-top\" data-id=\"3f2a091\" data-element_type=\"column\">\n\t\t\t<div class=\"elementor-widget-wrap elementor-element-populated\">\n\t\t\t\t\t\t\t\t<div class=\"elementor-element elementor-element-be5287d elementor-widget elementor-widget-heading\" data-id=\"be5287d\" data-element_type=\"widget\" data-widget_type=\"heading.default\">\n\t\t\t\t<div class=\"elementor-widget-container\">\n\t\t\t<h2 class=\"elementor-heading-title elementor-size-default\">historia<\/h2>\t\t<\/div>\n\t\t\t\t<\/div>\n\t\t\t\t<div class=\"elementor-element elementor-element-29a8624 elementor-widget elementor-widget-text-editor\" data-id=\"29a8624\" data-element_type=\"widget\" data-widget_type=\"text-editor.default\">\n\t\t\t\t<div class=\"elementor-widget-container\">\n\t\t\t\t\t\t\t<p>Los primeros asentamientos en el municipio datan de la \u00e9poca romana, aunque es durante la dominaci\u00f3n \u00e1rabe cuando el pueblo alcanza su m\u00e1ximo esplendor. Es en esta \u00e9poca cuando el pueblo recibe su nombre.<\/p><p>En la Edad Media, el municipio lo compon\u00edan cuatro barrios llamados El Hizan, Auxar, Camacines y Hormica. En el zoco de Auxar, el barrio m\u00e1s grande, se situaba en la actual Plaza Mayor del pueblo y se celebraba semanalmente el mercado.<\/p><p>Durante un tiempo Laujar de Andarax lleg\u00f3 a ser corte independiente de los Reyes pues aqu\u00ed se refugi\u00f3 Al Zagal tras perder Almer\u00eda ante los Reyes Cat\u00f3licos. A\u00f1os m\u00e1s tarde tambi\u00e9n ser\u00eda la residencia del sobrino de El Zagal, Boabdil, el \u00faltimo rey nazar\u00ed, que tras entregar Granada se establecer\u00eda en la Taha del Andarax, antes de ser exiliado. Debido a esto, Laujar de Andarax sufri\u00f3 m\u00e1s que otros municipios la obligada cristianizaci\u00f3n tras la Reconquista.<\/p><p>A partir del siglo XVI Laujar vi\u00f3 otra \u00e9poca de esplendor tras repoblar la zona debido a las matanzas ocurridas durante la Reconquista y la expulsi\u00f3n de los moriscos. El pueblo creci\u00f3 hasta llegar a los 5.000 habitantes gracias a la industria de la seda.<\/p><p>En el siglo XIX, la explotaci\u00f3n minera de Sierra de G\u00e1dor contribuy\u00f3 al mantenimiento de la poblaci\u00f3n que poco a poco ha ido en descenso.<\/p>\t\t\t\t\t\t<\/div>\n\t\t\t\t<\/div>\n\t\t\t\t\t<\/div>\n\t\t<\/div>\n\t\t\t\t\t\t\t<\/div>\n\t\t<\/section>\n\t\t\t\t<section class=\"elementor-section elementor-top-section elementor-element elementor-element-1eddb4b0 elementor-section-boxed elementor-section-height-default elementor-section-height-default\" data-id=\"1eddb4b0\" data-element_type=\"section\" data-settings=\"{&quot;background_background&quot;:&quot;classic&quot;}\">\n\t\t\t\t\t\t<div class=\"elementor-container elementor-column-gap-default\">\n\t\t\t\t\t<div class=\"elementor-column elementor-col-50 elementor-top-column elementor-element elementor-element-28eb3e5e column-style-top\" data-id=\"28eb3e5e\" data-element_type=\"column\">\n\t\t\t<div class=\"elementor-widget-wrap elementor-element-populated\">\n\t\t\t\t\t\t\t\t<div class=\"elementor-element elementor-element-0986f0c elementor-widget elementor-widget-heading\" data-id=\"0986f0c\" data-element_type=\"widget\" data-widget_type=\"heading.default\">\n\t\t\t\t<div class=\"elementor-widget-container\">\n\t\t\t<h2 class=\"elementor-heading-title elementor-size-default\">Econom\u00eda<\/h2>\t\t<\/div>\n\t\t\t\t<\/div>\n\t\t\t\t<div class=\"elementor-element elementor-element-0d0fc2c elementor-widget elementor-widget-text-editor\" data-id=\"0d0fc2c\" data-element_type=\"widget\" data-widget_type=\"text-editor.default\">\n\t\t\t\t<div class=\"elementor-widget-container\">\n\t\t\t\t\t\t\t<p>Si observamos los datos tomados en el a\u00f1o 2019, adem\u00e1s de la agricultura tambi\u00e9n encontramos otras actividades importantes para la econom\u00eda de Laujar de Andarax, pues cuenta con empresas dedicadas a la reparaci\u00f3n de veh\u00edculos, dedicadas a la construcci\u00f3n, hosteler\u00eda, la industria manufacturera, y hasta\u00a0 a las actividades profesionales cient\u00edfica y t\u00e9cnicas. Por tanto se est\u00e1 frente a un municipio din\u00e1mico.<\/p>\t\t\t\t\t\t<\/div>\n\t\t\t\t<\/div>\n\t\t\t\t\t<\/div>\n\t\t<\/div>\n\t\t\t\t<div class=\"elementor-column elementor-col-50 elementor-top-column elementor-element elementor-element-fa588dc column-style-top\" data-id=\"fa588dc\" data-element_type=\"column\">\n\t\t\t<div class=\"elementor-widget-wrap elementor-element-populated\">\n\t\t\t\t\t\t\t\t<div class=\"elementor-element elementor-element-f453320 elementor-widget elementor-widget-heading\" data-id=\"f453320\" data-element_type=\"widget\" data-widget_type=\"heading.default\">\n\t\t\t\t<div class=\"elementor-widget-container\">\n\t\t\t<h2 class=\"elementor-heading-title elementor-size-default\">ACTIVIDADES<\/h2>\t\t<\/div>\n\t\t\t\t<\/div>\n\t\t\t\t<div class=\"elementor-element elementor-element-f1890d9 elementor-widget elementor-widget-text-editor\" data-id=\"f1890d9\" data-element_type=\"widget\" data-widget_type=\"text-editor.default\">\n\t\t\t\t<div class=\"elementor-widget-container\">\n\t\t\t\t\t\t\t<p>Debido a su orograf\u00eda, es obligatorio hacer actividades relacionadas con el senderismo o la nieve. Por ello, se ha\u00a0 reforzado para ofrecer estos tipos de actividades ofreciendo tambi\u00e9n el eslogan \u00abPara\u00edso del Senderista\u00bb.<\/p><p>Cabe mencionar tambi\u00e9n su tradici\u00f3n de vinos siendo part\u00edcipes tambi\u00e9n de la denominaci\u00f3n \u201cVinos de la tierra de Laujar, Alpujarra\u201d.<\/p>\t\t\t\t\t\t<\/div>\n\t\t\t\t<\/div>\n\t\t\t\t\t<\/div>\n\t\t<\/div>\n\t\t\t\t\t\t\t<\/div>\n\t\t<\/section>\n\t\t\t\t<section class=\"elementor-section elementor-top-section elementor-element elementor-element-d2d94ee elementor-section-boxed elementor-section-height-default elementor-section-height-default\" data-id=\"d2d94ee\" data-element_type=\"section\" data-settings=\"{&quot;background_background&quot;:&quot;classic&quot;}\">\n\t\t\t\t\t\t\t<div class=\"elementor-background-overlay\"><\/div>\n\t\t\t\t\t\t\t<div class=\"elementor-container elementor-column-gap-default\">\n\t\t\t\t\t<div class=\"elementor-column elementor-col-100 elementor-top-column elementor-element elementor-element-4c41252 column-style-top\" data-id=\"4c41252\" data-element_type=\"column\">\n\t\t\t<div class=\"elementor-widget-wrap elementor-element-populated\">\n\t\t\t\t\t\t\t\t<div class=\"elementor-element elementor-element-eddd226 elementor-widget elementor-widget-text-editor\" data-id=\"eddd226\" data-element_type=\"widget\" data-widget_type=\"text-editor.default\">\n\t\t\t\t<div class=\"elementor-widget-container\">\n\t\t\t\t\t\t\t<p><strong>\u00bfC\u00d3MO VER EL N\u00daCLEO?<\/strong><\/p><p>Se proponen tres rutas tur\u00edsticas distintas:<\/p><p><span style=\"color: #008000;\">Ruta de Auxar<\/span><br \/><span style=\"color: #008000;\">Siguiendo las marcas de huellas verdes que encuentras por el suelo, se puede observar un recorrido que lleva por los principales monumentos.<\/span><\/p><p><span style=\"color: #ffff00;\">Ruta del Hizan<\/span><br \/><span style=\"color: #ffff00;\">Al igual que la anterior pero cambiando de color, en amarillo puedes conocer la influencia morisca mientras se pasea por las callejuelas.<\/span><\/p><p><span style=\"color: #0000ff;\">Ruta de los Pilares<\/span><br \/><span style=\"color: #0000ff;\">En azul, tenemos la ruta de los pilares. En ella se van a ir pasando por los 17 Pilares situados en los rincones municipales m\u00e1s encantadores relacionados con el agua.<\/span><\/p>\t\t\t\t\t\t<\/div>\n\t\t\t\t<\/div>\n\t\t\t\t\t<\/div>\n\t\t<\/div>\n\t\t\t\t\t\t\t<\/div>\n\t\t<\/section>\n\t\t\t\t<section class=\"elementor-section elementor-top-section elementor-element elementor-element-aa347df elementor-section-boxed elementor-section-height-default elementor-section-height-default\" data-id=\"aa347df\" data-element_type=\"section\" data-settings=\"{&quot;background_background&quot;:&quot;classic&quot;}\">\n\t\t\t\t\t\t<div class=\"elementor-container elementor-column-gap-default\">\n\t\t\t\t\t<div class=\"elementor-column elementor-col-100 elementor-top-column elementor-element elementor-element-7e2eef4 column-style-top\" data-id=\"7e2eef4\" data-element_type=\"column\">\n\t\t\t<div class=\"elementor-widget-wrap elementor-element-populated\">\n\t\t\t\t\t\t\t\t<div class=\"elementor-element elementor-element-11bac98 elementor-widget elementor-widget-heading\" data-id=\"11bac98\" data-element_type=\"widget\" data-widget_type=\"heading.default\">\n\t\t\t\t<div class=\"elementor-widget-container\">\n\t\t\t<h2 class=\"elementor-heading-title elementor-size-default\">Demograf\u00eda<\/h2>\t\t<\/div>\n\t\t\t\t<\/div>\n\t\t\t\t<div class=\"elementor-element elementor-element-61c7d81 elementor-widget elementor-widget-shortcode\" data-id=\"61c7d81\" data-element_type=\"widget\" data-widget_type=\"shortcode.default\">\n\t\t\t\t<div class=\"elementor-widget-container\">\n\t\t\t\t\t<div class=\"elementor-shortcode\"><div class=\"visualizer-front-container visualizer-lazy-render\"><style type=\"text\/css\" name=\"visualizer-custom-css\" id=\"customcss-visualizer-8910\">.locker,.locker-loader{position:absolute;top:0;left:0;width:100%;height:100%}.locker{z-index:1000;opacity:.8;background-color:#fff;-ms-filter:\"progid:DXImageTransform.Microsoft.Alpha(Opacity=80)\";filter:alpha(opacity=80)}.locker-loader{z-index:1001;background:url(http:\/\/marcapueblo.ual.es\/wp-content\/plugins\/visualizer\/images\/ajax-loader.gif) no-repeat center center}.dt-button{display:none!important}.visualizer-front-container.visualizer-lazy-render{content-visibility: auto;}<\/style><div id=\"visualizer-8910-1159045486\"class=\"visualizer-front  visualizer-front-8910\"><\/div><!-- Not showing structured data for chart 8910 because title is empty --><\/div><\/div>\n\t\t\t\t<\/div>\n\t\t\t\t<\/div>\n\t\t\t\t\t<\/div>\n\t\t<\/div>\n\t\t\t\t\t\t\t<\/div>\n\t\t<\/section>\n\t\t\t\t<section class=\"elementor-section elementor-top-section elementor-element elementor-element-e0339a2 elementor-section-boxed elementor-section-height-default elementor-section-height-default\" data-id=\"e0339a2\" data-element_type=\"section\" data-settings=\"{&quot;background_background&quot;:&quot;classic&quot;}\">\n\t\t\t\t\t\t\t<div class=\"elementor-background-overlay\"><\/div>\n\t\t\t\t\t\t\t<div class=\"elementor-container elementor-column-gap-default\">\n\t\t\t\t\t<div class=\"elementor-column elementor-col-100 elementor-top-column elementor-element elementor-element-b39376c column-style-top\" data-id=\"b39376c\" data-element_type=\"column\">\n\t\t\t<div class=\"elementor-widget-wrap elementor-element-populated\">\n\t\t\t\t\t\t\t\t<div class=\"elementor-element elementor-element-5f44030 elementor-widget elementor-widget-heading\" data-id=\"5f44030\" data-element_type=\"widget\" data-widget_type=\"heading.default\">\n\t\t\t\t<div class=\"elementor-widget-container\">\n\t\t\t<h2 class=\"elementor-heading-title elementor-size-default\">Patrimonio Art\u00edstico, Monumental y Medioambiental<\/h2>\t\t<\/div>\n\t\t\t\t<\/div>\n\t\t\t\t<div class=\"elementor-element elementor-element-9d8acd2 elementor-widget elementor-widget-text-editor\" data-id=\"9d8acd2\" data-element_type=\"widget\" data-widget_type=\"text-editor.default\">\n\t\t\t\t<div class=\"elementor-widget-container\">\n\t\t\t\t\t\t\t<p>Pilares &#8211; Fuentes<br \/>Encontramos repartidos por todo el pueblo desde el siglo XVII y XVIII:<\/p><p>Pilar de la Barandilla<\/p><p>Pilar de San Antonio<br \/>Pilar de la Fuente Mayor<\/p><p>Pilar de la Ca\u00f1ada<br \/>Pilar de San Blas<br \/>Pilar de Calvache<br \/>El Nacimiento<\/p><p>&#8230;<br \/>Casas se\u00f1oriales <br \/>Casa barrocas datadas de los siglos XVII y XVIII. Destacan la casa de los Calvache, del Vicario y de los Moya.<\/p><p>Alcazaba<br \/>Fortaleza medieval que destaca entre las alpujarras por su envergadura e importancia hist\u00f3rica. De ella se conservan tramos de muralla y restos de sus cinco torres.<\/p><p>Convento de San Pascual<br \/>Convento de estilo barroco de aspecto austero en las fachadas y suntuoso en el interior, su creaci\u00f3n data entre los a\u00f1os 1661 a 1678 por los Padres Franciscanos Descalzos.<\/p><p>Ermita Chica de las \u00c1nimas<br \/>Es una peque\u00f1a construcci\u00f3n del siglo XIX con cubierta de teja y de estilo barroco-historicista. Se encuentra encerrada entre viviendas, presenta una portada simple con hueco de medio punto.<\/p><p>Ermita de Nuestra Se\u00f1ora de la Salud<br \/>Se sit\u00faa en el extremo occidental del casco urbano, por lo que en otros tiempos estuvo aislada en la calle Granada. Data de finales del siglo XVII, pues en 1696 el Consejo de Justicia y Regimiento del pueblo, hace donaci\u00f3n a dos ermita\u00f1os, de dos trozos de tierra y un ca\u00f1o de agua corriente para servicio de la misma, para 1703 ya estaba construida.<\/p><p>Iglesia de la Encarnaci\u00f3n<br \/>tambi\u00e9n conocida como \u00abCatedral de la Alpujarra\u00bb, fue construida en 1672 sobre un edificio anterior. Es una iglesia de panta cruciforme y una sola nave con dos capillas.<\/p><p>\u00c1rea recreativa \u00abEl Nacimiento\u00bb <br \/>Se encuentra en las afueras del municipio, cuyo nombre proviene del lugar donde se forma el R\u00edo Andarax. En esta localizaci\u00f3n se ha creado una zona de recreo, donde su puede disfrutar del incre\u00edble paisaje compuesto de cascadas y remansos, entre impresionantes \u00e1rboles y rocas gigantes.<\/p><p>Espacio Natural Sierra Nevada <br \/>Cuenta con un total de 170.000 Ha repartidas entre las provincias de Granada y Almer\u00eda, con un microcosmos con identidad propia, el Mulhac\u00e9n, la monta\u00f1a m\u00e1s grande de la pen\u00ednsula con una altitud de 3.482 m.<\/p>\t\t\t\t\t\t<\/div>\n\t\t\t\t<\/div>\n\t\t\t\t\t<\/div>\n\t\t<\/div>\n\t\t\t\t\t\t\t<\/div>\n\t\t<\/section>\n\t\t\t\t\t\t\t<\/div>\n\t\t","protected":false},"excerpt":{"rendered":"<p>\u00a0Est\u00e1 situado al noroeste de la provincia en las coordenadas 36\u00ba 59\u00b4 N y 2\u00ba 53\u00b4 O, a una distancia de 70 Km de la capital de la provincia y [&hellip;]<\/p>\n","protected":false},"author":1,"featured_media":0,"parent":0,"menu_order":0,"comment_status":"closed","ping_status":"closed","template":"","meta":{"footnotes":""},"class_list":["post-9052","page","type-page","status-publish","hentry"],"_links":{"self":[{"href":"http:\/\/marcapueblo.ual.es\/index.php?rest_route=\/wp\/v2\/pages\/9052","targetHints":{"allow":["GET"]}}],"collection":[{"href":"http:\/\/marcapueblo.ual.es\/index.php?rest_route=\/wp\/v2\/pages"}],"about":[{"href":"http:\/\/marcapueblo.ual.es\/index.php?rest_route=\/wp\/v2\/types\/page"}],"author":[{"embeddable":true,"href":"http:\/\/marcapueblo.ual.es\/index.php?rest_route=\/wp\/v2\/users\/1"}],"replies":[{"embeddable":true,"href":"http:\/\/marcapueblo.ual.es\/index.php?rest_route=%2Fwp%2Fv2%2Fcomments&post=9052"}],"version-history":[{"count":13,"href":"http:\/\/marcapueblo.ual.es\/index.php?rest_route=\/wp\/v2\/pages\/9052\/revisions"}],"predecessor-version":[{"id":9396,"href":"http:\/\/marcapueblo.ual.es\/index.php?rest_route=\/wp\/v2\/pages\/9052\/revisions\/9396"}],"wp:attachment":[{"href":"http:\/\/marcapueblo.ual.es\/index.php?rest_route=%2Fwp%2Fv2%2Fmedia&parent=9052"}],"curies":[{"name":"wp","href":"https:\/\/api.w.org\/{rel}","templated":true}]}}