{"id":9141,"date":"2022-02-16T17:26:56","date_gmt":"2022-02-16T17:26:56","guid":{"rendered":"http:\/\/marcapueblo.ual.es\/?page_id=9141"},"modified":"2023-04-24T12:10:12","modified_gmt":"2023-04-24T12:10:12","slug":"tahal","status":"publish","type":"page","link":"http:\/\/marcapueblo.ual.es\/?page_id=9141","title":{"rendered":"Tahal"},"content":{"rendered":"\t\t<div data-elementor-type=\"wp-page\" data-elementor-id=\"9141\" class=\"elementor elementor-9141\">\n\t\t\t\t\t\t\t\t\t<section class=\"elementor-section elementor-top-section elementor-element elementor-element-2bc9cda elementor-section-boxed elementor-section-height-default elementor-section-height-default\" data-id=\"2bc9cda\" data-element_type=\"section\" data-settings=\"{&quot;background_background&quot;:&quot;classic&quot;}\">\n\t\t\t\t\t\t<div class=\"elementor-container elementor-column-gap-default\">\n\t\t\t\t\t<div class=\"elementor-column elementor-col-100 elementor-top-column elementor-element elementor-element-dc1e77c column-style-top\" data-id=\"dc1e77c\" data-element_type=\"column\">\n\t\t\t<div class=\"elementor-widget-wrap elementor-element-populated\">\n\t\t\t\t\t\t\t\t<div class=\"elementor-element elementor-element-4dbc111 elementor-widget elementor-widget-html\" data-id=\"4dbc111\" data-element_type=\"widget\" data-widget_type=\"html.default\">\n\t\t\t\t<div class=\"elementor-widget-container\">\n\t\t\t<iframe loading=\"lazy\" width=\"1280\" height=\"720\" src=\"https:\/\/www.youtube.com\/embed\/E7gnLbF0ZmE\" title=\"MARCA PUEBLO TAHAL\" frameborder=\"0\" allow=\"accelerometer; autoplay; clipboard-write; encrypted-media; gyroscope; picture-in-picture; web-share\" allowfullscreen><\/iframe>\t\t<\/div>\n\t\t\t\t<\/div>\n\t\t\t\t\t<\/div>\n\t\t<\/div>\n\t\t\t\t\t\t\t<\/div>\n\t\t<\/section>\n\t\t\t\t<section class=\"elementor-section elementor-top-section elementor-element elementor-element-51f4015 elementor-section-boxed elementor-section-height-default elementor-section-height-default\" data-id=\"51f4015\" data-element_type=\"section\">\n\t\t\t\t\t\t<div class=\"elementor-container elementor-column-gap-default\">\n\t\t\t\t\t<div class=\"elementor-column elementor-col-50 elementor-top-column elementor-element elementor-element-fe1f0cf column-style-top\" data-id=\"fe1f0cf\" data-element_type=\"column\">\n\t\t\t<div class=\"elementor-widget-wrap elementor-element-populated\">\n\t\t\t\t\t\t\t\t<div class=\"elementor-element elementor-element-cada66c elementor-widget elementor-widget-image\" data-id=\"cada66c\" data-element_type=\"widget\" data-widget_type=\"image.default\">\n\t\t\t\t<div class=\"elementor-widget-container\">\n\t\t\t<style>\/*! elementor - v3.16.0 - 20-09-2023 *\/\n.elementor-widget-image{text-align:center}.elementor-widget-image a{display:inline-block}.elementor-widget-image a img[src$=\".svg\"]{width:48px}.elementor-widget-image img{vertical-align:middle;display:inline-block}<\/style>\t\t\t\t\t\t\t\t\t\t\t\t<img loading=\"lazy\" decoding=\"async\" width=\"730\" height=\"411\" src=\"http:\/\/marcapueblo.ual.es\/wp-content\/uploads\/2022\/02\/02.png\" class=\"attachment-large size-large wp-image-9144\" alt=\"\" \/>\t\t\t\t\t\t\t\t\t\t\t\t\t\t\t<\/div>\n\t\t\t\t<\/div>\n\t\t\t\t<div class=\"elementor-element elementor-element-58fe elementor-widget elementor-widget-image\" data-id=\"58fe\" data-element_type=\"widget\" data-widget_type=\"image.default\">\n\t\t\t\t<div class=\"elementor-widget-container\">\n\t\t\t\t\t\t\t\t\t\t\t\t\t\t\t<img loading=\"lazy\" decoding=\"async\" width=\"600\" height=\"400\" src=\"http:\/\/marcapueblo.ual.es\/wp-content\/uploads\/2022\/02\/214A5286.png\" class=\"attachment-large size-large wp-image-9145\" alt=\"\" \/>\t\t\t\t\t\t\t\t\t\t\t\t\t\t\t<\/div>\n\t\t\t\t<\/div>\n\t\t\t\t\t<\/div>\n\t\t<\/div>\n\t\t\t\t<div class=\"elementor-column elementor-col-50 elementor-top-column elementor-element elementor-element-29c14d0 column-style-top\" data-id=\"29c14d0\" data-element_type=\"column\">\n\t\t\t<div class=\"elementor-widget-wrap elementor-element-populated\">\n\t\t\t\t\t\t\t\t<div class=\"elementor-element elementor-element-857ef66 elementor-widget elementor-widget-text-editor\" data-id=\"857ef66\" data-element_type=\"widget\" data-widget_type=\"text-editor.default\">\n\t\t\t\t<div class=\"elementor-widget-container\">\n\t\t\t<style>\/*! elementor - v3.16.0 - 20-09-2023 *\/\n.elementor-widget-text-editor.elementor-drop-cap-view-stacked .elementor-drop-cap{background-color:#69727d;color:#fff}.elementor-widget-text-editor.elementor-drop-cap-view-framed .elementor-drop-cap{color:#69727d;border:3px solid;background-color:transparent}.elementor-widget-text-editor:not(.elementor-drop-cap-view-default) .elementor-drop-cap{margin-top:8px}.elementor-widget-text-editor:not(.elementor-drop-cap-view-default) .elementor-drop-cap-letter{width:1em;height:1em}.elementor-widget-text-editor .elementor-drop-cap{float:left;text-align:center;line-height:1;font-size:50px}.elementor-widget-text-editor .elementor-drop-cap-letter{display:inline-block}<\/style>\t\t\t\t<p>Tahal es un municipio de la provincia de Almer\u00eda, localiz\u00e1ndose en la comarca Los Filabres \u2013 Tabernas, con una extensi\u00f3n superficial de 95 km2. El t\u00e9rmino municipal est\u00e1 en el Campo de Tabernas, en la parte oriental de la Sierra de los Filabres. Al n\u00facleo urbano de Tahal se le suma el barrio de Benitorafe.<\/p>\t\t\t\t\t\t<\/div>\n\t\t\t\t<\/div>\n\t\t\t\t<div class=\"elementor-element elementor-element-5151a98 elementor-widget elementor-widget-text-editor\" data-id=\"5151a98\" data-element_type=\"widget\" data-widget_type=\"text-editor.default\">\n\t\t\t\t<div class=\"elementor-widget-container\">\n\t\t\t\t\t\t\t<table><tbody><tr><td width=\"293\"><p><strong>Com. Aut\u00f3noma<\/strong><\/p><\/td><td width=\"293\"><p>Andaluc\u00eda<\/p><\/td><\/tr><tr><td width=\"293\"><p><strong>Provincia<\/strong><\/p><\/td><td width=\"293\"><p>Almer\u00eda<\/p><\/td><\/tr><tr><td width=\"293\"><p><strong>Comarca<\/strong><\/p><\/td><td width=\"293\"><p>Sierra de los Filabres<\/p><\/td><\/tr><tr><td width=\"293\"><p><strong>Partido judicial<\/strong><\/p><\/td><td width=\"293\"><p>Almer\u00eda<\/p><\/td><\/tr><tr><td width=\"293\"><p><strong>Poblaci\u00f3n<\/strong><\/p><\/td><td width=\"293\"><p>362 (2019)<\/p><\/td><\/tr><tr><td width=\"293\"><p><strong>Gentilicio<\/strong><\/p><\/td><td width=\"293\"><p>Tahalense<\/p><\/td><\/tr><tr><td width=\"293\"><p><strong>Sitio web<\/strong><\/p><\/td><td width=\"293\"><p>http:\/\/www.tahal.es\/<\/p><\/td><\/tr><\/tbody><\/table>\t\t\t\t\t\t<\/div>\n\t\t\t\t<\/div>\n\t\t\t\t\t<\/div>\n\t\t<\/div>\n\t\t\t\t\t\t\t<\/div>\n\t\t<\/section>\n\t\t\t\t<section class=\"elementor-section elementor-top-section elementor-element elementor-element-35a41cf elementor-section-full_width elementor-section-height-default elementor-section-height-default elementor-invisible\" data-id=\"35a41cf\" data-element_type=\"section\" data-settings=\"{&quot;background_background&quot;:&quot;classic&quot;,&quot;animation&quot;:&quot;slideInUp&quot;}\">\n\t\t\t\t\t\t<div class=\"elementor-container elementor-column-gap-default\">\n\t\t\t\t\t<div class=\"elementor-column elementor-col-100 elementor-top-column elementor-element elementor-element-67aca3c column-style-top\" data-id=\"67aca3c\" data-element_type=\"column\">\n\t\t\t<div class=\"elementor-widget-wrap elementor-element-populated\">\n\t\t\t\t\t\t\t\t<div class=\"elementor-element elementor-element-f2f63f3 elementor-widget elementor-widget-heading\" data-id=\"f2f63f3\" data-element_type=\"widget\" data-widget_type=\"heading.default\">\n\t\t\t\t<div class=\"elementor-widget-container\">\n\t\t\t<style>\/*! elementor - v3.16.0 - 20-09-2023 *\/\n.elementor-heading-title{padding:0;margin:0;line-height:1}.elementor-widget-heading .elementor-heading-title[class*=elementor-size-]>a{color:inherit;font-size:inherit;line-height:inherit}.elementor-widget-heading .elementor-heading-title.elementor-size-small{font-size:15px}.elementor-widget-heading .elementor-heading-title.elementor-size-medium{font-size:19px}.elementor-widget-heading .elementor-heading-title.elementor-size-large{font-size:29px}.elementor-widget-heading .elementor-heading-title.elementor-size-xl{font-size:39px}.elementor-widget-heading .elementor-heading-title.elementor-size-xxl{font-size:59px}<\/style><h2 class=\"elementor-heading-title elementor-size-default\">Localizaci\u00f3n y geograf\u00eda<\/h2>\t\t<\/div>\n\t\t\t\t<\/div>\n\t\t\t\t<div class=\"elementor-element elementor-element-193a48c elementor-widget__width-inherit elementor-widget elementor-widget-text-editor\" data-id=\"193a48c\" data-element_type=\"widget\" data-widget_type=\"text-editor.default\">\n\t\t\t\t<div class=\"elementor-widget-container\">\n\t\t\t\t\t\t\t<iframe src=\"https:\/\/www.google.com\/maps\/embed?pb=!1m18!1m12!1m3!1d101706.48597159275!2d-2.3563933931344896!3d37.19244553540338!2m3!1f0!2f0!3f0!3m2!1i1024!2i768!4f13.1!3m3!1m2!1s0xd7ab21e684f066b%3A0x403d278a575e320!2sTahal%2C%2004275%2C%20Almer%C3%ADa!5e0!3m2!1ses!2ses!4v1645032589644!5m2!1ses!2ses\" width=\"800\" height=\"600\" style=\"border:0;\" allowfullscreen=\"\" loading=\"lazy\"><\/iframe>\t\t\t\t\t\t<\/div>\n\t\t\t\t<\/div>\n\t\t\t\t<div class=\"elementor-element elementor-element-aa9c8f7 elementor-widget elementor-widget-text-editor\" data-id=\"aa9c8f7\" data-element_type=\"widget\" data-widget_type=\"text-editor.default\">\n\t\t\t\t<div class=\"elementor-widget-container\">\n\t\t\t\t\t\t\t<p style=\"text-align: center;\">El municipio se encuentra limitado con Sen\u00e9s, Laroya, Macael, Alcudia de Monteagud, Chercos, Uleila del Campo, Benizal\u00f3n, Lucainena de las Torres y Tabernas.<\/p><p style=\"text-align: center;\">El n\u00facleo urbano se localiza a 37\u00ba 13\u00b4 41\u00b4\u00b4N y 2\u00ba 17\u00b4 08\u00b4\u00b4 O, a 1010 metros de altitud sobre el nivel del mar.<\/p>\t\t\t\t\t\t<\/div>\n\t\t\t\t<\/div>\n\t\t\t\t\t<\/div>\n\t\t<\/div>\n\t\t\t\t\t\t\t<\/div>\n\t\t<\/section>\n\t\t\t\t<section class=\"elementor-section elementor-top-section elementor-element elementor-element-c528f97 elementor-section-boxed elementor-section-height-default elementor-section-height-default\" data-id=\"c528f97\" data-element_type=\"section\">\n\t\t\t\t\t\t<div class=\"elementor-container elementor-column-gap-default\">\n\t\t\t\t\t<div class=\"elementor-column elementor-col-100 elementor-top-column elementor-element elementor-element-042cb6f column-style-top\" data-id=\"042cb6f\" data-element_type=\"column\">\n\t\t\t<div class=\"elementor-widget-wrap elementor-element-populated\">\n\t\t\t\t\t\t\t\t<div class=\"elementor-element elementor-element-0d6a159 elementor-widget elementor-widget-gva-heading-block\" data-id=\"0d6a159\" data-element_type=\"widget\" data-widget_type=\"gva-heading-block.default\">\n\t\t\t\t<div class=\"elementor-widget-container\">\n\t\t\t<div class=\"gva-element-gva-heading-block gva-element\">   <div class=\"align-center style-1 widget gsc-heading\">\r\n      <div class=\"content-inner\">\r\n         \r\n                  \r\n           \r\n         \r\n                     <h2 class=\"title\">\r\n               <span>S\u00cdMBOLOS<\/span>\r\n            <\/h2>\r\n                  \r\n         \r\n      <\/div>\r\n   <\/div>\r\n   <div class=\"clearfix\"><\/div>\r\n<\/div>\t\t<\/div>\n\t\t\t\t<\/div>\n\t\t\t\t<div class=\"elementor-element elementor-element-15eaaec elementor-widget elementor-widget-gva-tabs-content\" data-id=\"15eaaec\" data-element_type=\"widget\" data-widget_type=\"gva-tabs-content.default\">\n\t\t\t\t<div class=\"elementor-widget-container\">\n\t\t\t\t\t<div class=\"gsc-tabs-content\" role=\"tablist\">\n\t\t\t<div class=\"tabs_wrapper\">\n\t\t\t\t\n\t\t\t\t<ul class=\"nav_tabs clearfix\">\n\t\t\t\t\t\t\t\t\t\t\t<li class=\"elementor-repeater-item-cc3c000 active show\">\n\t\t\t\t\t\t\t<a class=\"active show\" role=\"tab\" data-toggle=\"tab\" href=\"#tpus-0\">\n\t\t\t\t\t\t\t\tEscudo\t\t\t\t\t\t\t<\/a>\n\t\t\t\t\t\t<\/li>\n\t\t\t\t\t\t\t\t\t\t\t<li class=\"elementor-repeater-item-c171203\">\n\t\t\t\t\t\t\t<a class=\"\" role=\"tab\" data-toggle=\"tab\" href=\"#tpus-1\">\n\t\t\t\t\t\t\t\tBandera\t\t\t\t\t\t\t<\/a>\n\t\t\t\t\t\t<\/li>\n\t\t\t\t\t\t\t\t\t<\/ul>\n\t\t\t\t\n\n\t\t\t\t<div class=\"tab-content clearfix\">\n\t\t\t\t\t\t\t\t\t\t\t<div class=\"tab-pane fade in active show\" role=\"tabpanel\" id=\"tpus-0\">\n\t\t\t\t\t\t\t\t\t\t\t\t\t\t\t<div class=\"tab-image\">\n\t\t\t\t\t\t\t\t\t<a href=\"http:\/\/marcapueblo.ual.es\/wp-content\/uploads\/2022\/02\/Tahal.png\" class=\"popup-image\">\n\t\t\t\t\t\t\t\t\t\t<img decoding=\"async\" src=\"http:\/\/marcapueblo.ual.es\/wp-content\/uploads\/2022\/02\/Tahal.png\" alt=\"Escudo\" \/>\n\t\t\t\t\t\t\t\t\t<\/a>\t\n\t\t\t\t\t\t\t\t<\/div>\n\t\t\t\t\t\t\t\t\t\t\t\t\t\t<div class=\"tab-content-item has_image\">\n\t\t\t\t\t\t\t\t<div class=\"tab-item-title\">Escudo<\/div>\n\t\t\t\t\t\t\t\t<p>Descripci\u00f3n: Escudo espa\u00f1ol, de oro, tres montes de sinople nacientes de la punta superados de un castillo de lo mismo. Bordura de plata con cuatro crecientes de sinople y otras tantas cruces de sable, alternadas. Al timbre, corona espa\u00f1ola cerrada.<\/p><p>Significado de los s\u00edmbolos: El castillo de Tahal del siglo XIV junto con tres montes representativos de la sierra de Filabres forman el escudo. La cruces y las medias lunas figuran en representaci\u00f3n de las culturas cristana y musulmana.<\/p>\t\t\t\t\t\t\t<\/div>\n\t\t\t\t\t\t<\/div>\n\t\t\t\t\t\n\t\t\t\t\t\t\t\t\t\t\t<div class=\"tab-pane fade in \" role=\"tabpanel\" id=\"tpus-1\">\n\t\t\t\t\t\t\t\t\t\t\t\t\t\t\t<div class=\"tab-image\">\n\t\t\t\t\t\t\t\t\t<a href=\"http:\/\/marcapueblo.ual.es\/wp-content\/uploads\/2022\/02\/2560px-Bandera_de_Tahal.png\" class=\"popup-image\">\n\t\t\t\t\t\t\t\t\t\t<img decoding=\"async\" src=\"http:\/\/marcapueblo.ual.es\/wp-content\/uploads\/2022\/02\/2560px-Bandera_de_Tahal.png\" alt=\"Bandera\" \/>\n\t\t\t\t\t\t\t\t\t<\/a>\t\n\t\t\t\t\t\t\t\t<\/div>\n\t\t\t\t\t\t\t\t\t\t\t\t\t\t<div class=\"tab-content-item has_image\">\n\t\t\t\t\t\t\t\t<div class=\"tab-item-title\">Bandera<\/div>\n\t\t\t\t\t\t\t\t<p>Descripci\u00f3n: Pa\u00f1o de proporciones 2\/3, dividido en tres franjas verticales iguales: al asta, blanca con una cruz negra; la central, verde con un castillo amarillo; y al batiente, blanca con un creciente verde.<\/p><p>Significado: Los elementos del escudo est\u00e1n presentes en la bandera. La cruz y la media luna en los mismos colores en que figuran en la bordura, mientras que el castillo cambia su color por el del campo, y se sit\u00faa sobre el color de las monta\u00f1as.<\/p>\t\t\t\t\t\t\t<\/div>\n\t\t\t\t\t\t<\/div>\n\t\t\t\t\t\n\t\t\t\t\t\t\t\t\t<\/div>\n\t\t\t<\/div>\t\n\t\t<\/div>\n\t\t\t\t<\/div>\n\t\t\t\t<\/div>\n\t\t\t\t\t<\/div>\n\t\t<\/div>\n\t\t\t\t\t\t\t<\/div>\n\t\t<\/section>\n\t\t\t\t<section class=\"elementor-section elementor-top-section elementor-element elementor-element-1eddb4b0 elementor-section-boxed elementor-section-height-default elementor-section-height-default\" data-id=\"1eddb4b0\" data-element_type=\"section\" data-settings=\"{&quot;background_background&quot;:&quot;classic&quot;}\">\n\t\t\t\t\t\t<div class=\"elementor-container elementor-column-gap-default\">\n\t\t\t\t\t<div class=\"elementor-column elementor-col-100 elementor-top-column elementor-element elementor-element-28eb3e5e column-style-top\" data-id=\"28eb3e5e\" data-element_type=\"column\">\n\t\t\t<div class=\"elementor-widget-wrap elementor-element-populated\">\n\t\t\t\t\t\t\t\t<div class=\"elementor-element elementor-element-0986f0c elementor-widget elementor-widget-heading\" data-id=\"0986f0c\" data-element_type=\"widget\" data-widget_type=\"heading.default\">\n\t\t\t\t<div class=\"elementor-widget-container\">\n\t\t\t<h2 class=\"elementor-heading-title elementor-size-default\">Econom\u00eda<\/h2>\t\t<\/div>\n\t\t\t\t<\/div>\n\t\t\t\t<div class=\"elementor-element elementor-element-0d0fc2c elementor-widget elementor-widget-text-editor\" data-id=\"0d0fc2c\" data-element_type=\"widget\" data-widget_type=\"text-editor.default\">\n\t\t\t\t<div class=\"elementor-widget-container\">\n\t\t\t\t\t\t\t<p>Si hablamos de Tahal, las principales actividades de sus habitantes son la agricultura y ganader\u00eda. Adem\u00e1s, posee una econom\u00eda poco diversificada, cuya vocaci\u00f3n esencial es la agricultura de subsistencia.<\/p><p>Hoy, la actividad industrial se reduce a la producci\u00f3n de aceite en la \u00e9poca de cosecha, panader\u00eda, carpinter\u00eda y la miel de las colmenas. Los comercios dedicados a la alimentaci\u00f3n mantienen vivo el escaso ambiente comercial en la Sierra.<\/p><p>Otro tipo de actividad por se\u00f1alar es el repunte del turismo rural, con algunas casas rurales en el pueblo y la hosteler\u00eda; comercio de reparaci\u00f3n de veh\u00edculos y actividades sanitarias y de servicios sociales, a rese\u00f1ar.<\/p>\t\t\t\t\t\t<\/div>\n\t\t\t\t<\/div>\n\t\t\t\t\t<\/div>\n\t\t<\/div>\n\t\t\t\t\t\t\t<\/div>\n\t\t<\/section>\n\t\t\t\t<section class=\"elementor-section elementor-top-section elementor-element elementor-element-d2d94ee elementor-section-boxed elementor-section-height-default elementor-section-height-default\" data-id=\"d2d94ee\" data-element_type=\"section\" data-settings=\"{&quot;background_background&quot;:&quot;classic&quot;}\">\n\t\t\t\t\t\t\t<div class=\"elementor-background-overlay\"><\/div>\n\t\t\t\t\t\t\t<div class=\"elementor-container elementor-column-gap-default\">\n\t\t\t\t\t<div class=\"elementor-column elementor-col-100 elementor-top-column elementor-element elementor-element-4c41252 column-style-top\" data-id=\"4c41252\" data-element_type=\"column\">\n\t\t\t<div class=\"elementor-widget-wrap elementor-element-populated\">\n\t\t\t\t\t\t\t\t<div class=\"elementor-element elementor-element-eddd226 elementor-widget elementor-widget-text-editor\" data-id=\"eddd226\" data-element_type=\"widget\" data-widget_type=\"text-editor.default\">\n\t\t\t\t<div class=\"elementor-widget-container\">\n\t\t\t\t\t\t\t<div class=\"vce-row-content\" data-vce-element-content=\"true\"><div id=\"el-9f7f8389\" class=\"vce-col vce-col--md-auto vce-col--xs-1 vce-col--xs-last vce-col--xs-first vce-col--sm-last vce-col--sm-first vce-col--md-last vce-col--lg-last vce-col--xl-last vce-col--md-first vce-col--lg-first vce-col--xl-first\"><div class=\"vce-col-inner\" data-vce-do-apply=\"border margin background el-9f7f8389\"><div class=\"vce-col-content\" data-vce-element-content=\"true\" data-vce-do-apply=\"padding el-9f7f8389\"><section class=\"vce-hero-section-container vce-hero-section-media--xs vce-hero-section-media--sm vce-hero-section-media--md vce-hero-section-media--lg\"><div id=\"el-8054d0f6\" class=\"vce vce-hero-section\" data-vce-do-apply=\"margin background border el-8054d0f6\"><div class=\"vce-hero-section--wrap-row vce-hero-section--background-position-center-center\"><div class=\"vce-hero-section--wrap\"><div class=\"vce-hero-section--content\" data-vce-do-apply=\"padding el-8054d0f6\"><div class=\"vce-hero-section--content-container\"><p>Historia<br \/>El padre Tapia nos explica que, en las cr\u00f3nicas de la conquista de Almer\u00eda por los Reyes Cat\u00f3licos, el pueblo aparece con nombres variopintos, tales como \u201cAtahaluc\u201d, \u201cAtahelid\u201d, \u201cAtahalbe\u201d, \u201cAtahalid\u201d y \u201cTajal\u201d. No obstante, nos tenemos que remontar mucho antes para obtener restos arqueol\u00f3gicos de la \u00e9poca del Neol\u00edtico. Los primeros en llegar fueron los ganaderos de la zona del Argar.<\/p><p><br \/>En la \u00e9poca de la Edad del Bronce, el yacimiento arqueol\u00f3gico \u201cCerro del Moj\u00f3n\u201d es el m\u00e1s carism\u00e1tico del municipio, acerc\u00e1ndose por muy poco al estilo del de \u201cLos Millares\u201d.<\/p><p>El pueblo se convierte en se\u00f1or\u00edo tras la reconquista al bisnieto de Don Alfonso Enr\u00edquez, Enrique Enr\u00edquez. En esta \u00e9poca, los Reyes Cat\u00f3licos dieron el t\u00edtulo \u201cEstado de Tahal\u201d a este municipio, el cual dur\u00f3 hasta el siglo XIX. Ya en el siglo XVI, despu\u00e9s de la sucesi\u00f3n de hambrunas, enfermedades y combates, se procede a la repoblaci\u00f3n de Tahal y alrededores.<\/p><p>En el siglo XVIII, el Marqu\u00e9s de Aguilafuente es el nuevo se\u00f1or de Tahal. En \u00e9poca posterior, cabe mencionar la guerra de la independencia, en donde tropas francesas tuvieron su paso por este municipio.<\/p><p>Ente los a\u00f1os 1.920 a 1.923, el castillo fue destrozado por la gente del pueblo, arrancando enseres propios del castillo, autorizado por los alcaldes los hermanos Juan y Felipe Cid S\u00e1ez. Esos mismos enseres los podemos encontrar o en casas de los vecinos o en tiendas de anticuarios.<\/p><\/div><\/div><\/div><\/div><\/div><\/section><\/div><\/div><\/div><\/div>\t\t\t\t\t\t<\/div>\n\t\t\t\t<\/div>\n\t\t\t\t\t<\/div>\n\t\t<\/div>\n\t\t\t\t\t\t\t<\/div>\n\t\t<\/section>\n\t\t\t\t<section class=\"elementor-section elementor-top-section elementor-element elementor-element-aa347df elementor-section-boxed elementor-section-height-default elementor-section-height-default\" data-id=\"aa347df\" data-element_type=\"section\" data-settings=\"{&quot;background_background&quot;:&quot;classic&quot;}\">\n\t\t\t\t\t\t<div class=\"elementor-container elementor-column-gap-default\">\n\t\t\t\t\t<div class=\"elementor-column elementor-col-100 elementor-top-column elementor-element elementor-element-7e2eef4 column-style-top\" data-id=\"7e2eef4\" data-element_type=\"column\">\n\t\t\t<div class=\"elementor-widget-wrap elementor-element-populated\">\n\t\t\t\t\t\t\t\t<div class=\"elementor-element elementor-element-11bac98 elementor-widget elementor-widget-heading\" data-id=\"11bac98\" data-element_type=\"widget\" data-widget_type=\"heading.default\">\n\t\t\t\t<div class=\"elementor-widget-container\">\n\t\t\t<h2 class=\"elementor-heading-title elementor-size-default\">Demograf\u00eda<\/h2>\t\t<\/div>\n\t\t\t\t<\/div>\n\t\t\t\t<div class=\"elementor-element elementor-element-61c7d81 elementor-widget elementor-widget-shortcode\" data-id=\"61c7d81\" data-element_type=\"widget\" data-widget_type=\"shortcode.default\">\n\t\t\t\t<div class=\"elementor-widget-container\">\n\t\t\t\t\t<div class=\"elementor-shortcode\"><div class=\"visualizer-front-container visualizer-lazy-render\"><style type=\"text\/css\" name=\"visualizer-custom-css\" id=\"customcss-visualizer-8906\">.locker,.locker-loader{position:absolute;top:0;left:0;width:100%;height:100%}.locker{z-index:1000;opacity:.8;background-color:#fff;-ms-filter:\"progid:DXImageTransform.Microsoft.Alpha(Opacity=80)\";filter:alpha(opacity=80)}.locker-loader{z-index:1001;background:url(http:\/\/marcapueblo.ual.es\/wp-content\/plugins\/visualizer\/images\/ajax-loader.gif) no-repeat center center}.dt-button{display:none!important}.visualizer-front-container.visualizer-lazy-render{content-visibility: auto;}<\/style><div id=\"visualizer-8906-1711083262\"class=\"visualizer-front  visualizer-front-8906\"><\/div><!-- Not showing structured data for chart 8906 because title is empty --><\/div><\/div>\n\t\t\t\t<\/div>\n\t\t\t\t<\/div>\n\t\t\t\t\t<\/div>\n\t\t<\/div>\n\t\t\t\t\t\t\t<\/div>\n\t\t<\/section>\n\t\t\t\t<section class=\"elementor-section elementor-top-section elementor-element elementor-element-e0339a2 elementor-section-boxed elementor-section-height-default elementor-section-height-default\" data-id=\"e0339a2\" data-element_type=\"section\" data-settings=\"{&quot;background_background&quot;:&quot;classic&quot;}\">\n\t\t\t\t\t\t\t<div class=\"elementor-background-overlay\"><\/div>\n\t\t\t\t\t\t\t<div class=\"elementor-container elementor-column-gap-default\">\n\t\t\t\t\t<div class=\"elementor-column elementor-col-100 elementor-top-column elementor-element elementor-element-b39376c column-style-top\" data-id=\"b39376c\" data-element_type=\"column\">\n\t\t\t<div class=\"elementor-widget-wrap elementor-element-populated\">\n\t\t\t\t\t\t\t\t<div class=\"elementor-element elementor-element-e9dbba5 elementor-widget elementor-widget-heading\" data-id=\"e9dbba5\" data-element_type=\"widget\" data-widget_type=\"heading.default\">\n\t\t\t\t<div class=\"elementor-widget-container\">\n\t\t\t<h2 class=\"elementor-heading-title elementor-size-default\">RECURSOS<\/h2>\t\t<\/div>\n\t\t\t\t<\/div>\n\t\t\t\t<div class=\"elementor-element elementor-element-c51cf16 elementor-widget elementor-widget-text-editor\" data-id=\"c51cf16\" data-element_type=\"widget\" data-widget_type=\"text-editor.default\">\n\t\t\t\t<div class=\"elementor-widget-container\">\n\t\t\t\t\t\t\t<p>Tahal es un municipio con un importante patrimonio cultural.<\/p>\t\t\t\t\t\t<\/div>\n\t\t\t\t<\/div>\n\t\t\t\t<section class=\"elementor-section elementor-inner-section elementor-element elementor-element-0337a73 elementor-section-boxed elementor-section-height-default elementor-section-height-default\" data-id=\"0337a73\" data-element_type=\"section\">\n\t\t\t\t\t\t<div class=\"elementor-container elementor-column-gap-default\">\n\t\t\t\t\t<div class=\"elementor-column elementor-col-100 elementor-inner-column elementor-element elementor-element-a51a5bb column-style-top\" data-id=\"a51a5bb\" data-element_type=\"column\">\n\t\t\t<div class=\"elementor-widget-wrap elementor-element-populated\">\n\t\t\t\t\t\t\t\t<div class=\"elementor-element elementor-element-5f44030 elementor-widget elementor-widget-heading\" data-id=\"5f44030\" data-element_type=\"widget\" data-widget_type=\"heading.default\">\n\t\t\t\t<div class=\"elementor-widget-container\">\n\t\t\t<h2 class=\"elementor-heading-title elementor-size-default\">Patrimonio Art\u00edstico y Monumental<\/h2>\t\t<\/div>\n\t\t\t\t<\/div>\n\t\t\t\t<div class=\"elementor-element elementor-element-9d8acd2 elementor-widget elementor-widget-text-editor\" data-id=\"9d8acd2\" data-element_type=\"widget\" data-widget_type=\"text-editor.default\">\n\t\t\t\t<div class=\"elementor-widget-container\">\n\t\t\t\t\t\t\t<p>Castillo<br \/>Levantada entre los siglos XV y XVI por la familia Enr\u00edquez. Se ha conservado la Torre del Homenaje y un trozo del recinto amurallado. No es un castillo en s\u00ed, sino una torre que la Junta de Andaluc\u00eda tiene previsto restaurar.<\/p><p>\u00a0<br \/>Iglesia Parroquial de Santa Mar\u00eda<\/p><p>Datada del siglo XVI.<\/p><p>\u00a0<br \/>Ermita Parroquial Cristo del Consuelo<\/p><p>Fue quemada en la rebeli\u00f3n de los moriscos. El obispo de Guadix fue el comisionado para construir esta ermita. En el siglo XIX fue renovada por el estado de ruindad que presentaba.<\/p>\t\t\t\t\t\t<\/div>\n\t\t\t\t<\/div>\n\t\t\t\t\t<\/div>\n\t\t<\/div>\n\t\t\t\t\t\t\t<\/div>\n\t\t<\/section>\n\t\t\t\t\t<\/div>\n\t\t<\/div>\n\t\t\t\t\t\t\t<\/div>\n\t\t<\/section>\n\t\t\t\t\t\t\t<\/div>\n\t\t","protected":false},"excerpt":{"rendered":"<p>Tahal es un municipio de la provincia de Almer\u00eda, localiz\u00e1ndose en la comarca Los Filabres \u2013 Tabernas, con una extensi\u00f3n superficial de 95 km2. El t\u00e9rmino municipal est\u00e1 en el [&hellip;]<\/p>\n","protected":false},"author":1,"featured_media":0,"parent":0,"menu_order":0,"comment_status":"closed","ping_status":"closed","template":"","meta":{"footnotes":""},"class_list":["post-9141","page","type-page","status-publish","hentry"],"_links":{"self":[{"href":"http:\/\/marcapueblo.ual.es\/index.php?rest_route=\/wp\/v2\/pages\/9141","targetHints":{"allow":["GET"]}}],"collection":[{"href":"http:\/\/marcapueblo.ual.es\/index.php?rest_route=\/wp\/v2\/pages"}],"about":[{"href":"http:\/\/marcapueblo.ual.es\/index.php?rest_route=\/wp\/v2\/types\/page"}],"author":[{"embeddable":true,"href":"http:\/\/marcapueblo.ual.es\/index.php?rest_route=\/wp\/v2\/users\/1"}],"replies":[{"embeddable":true,"href":"http:\/\/marcapueblo.ual.es\/index.php?rest_route=%2Fwp%2Fv2%2Fcomments&post=9141"}],"version-history":[{"count":13,"href":"http:\/\/marcapueblo.ual.es\/index.php?rest_route=\/wp\/v2\/pages\/9141\/revisions"}],"predecessor-version":[{"id":9420,"href":"http:\/\/marcapueblo.ual.es\/index.php?rest_route=\/wp\/v2\/pages\/9141\/revisions\/9420"}],"wp:attachment":[{"href":"http:\/\/marcapueblo.ual.es\/index.php?rest_route=%2Fwp%2Fv2%2Fmedia&parent=9141"}],"curies":[{"name":"wp","href":"https:\/\/api.w.org\/{rel}","templated":true}]}}