{"id":9280,"date":"2023-04-21T11:43:22","date_gmt":"2023-04-21T11:43:22","guid":{"rendered":"http:\/\/marcapueblo.ual.es\/?page_id=9280"},"modified":"2025-03-21T18:42:14","modified_gmt":"2025-03-21T18:42:14","slug":"abla","status":"publish","type":"page","link":"http:\/\/marcapueblo.ual.es\/?page_id=9280","title":{"rendered":"Abla"},"content":{"rendered":"\t\t<div data-elementor-type=\"wp-page\" data-elementor-id=\"9280\" class=\"elementor elementor-9280\">\n\t\t\t\t\t\t\t\t\t<section class=\"elementor-section elementor-top-section elementor-element elementor-element-707a148 elementor-section-boxed elementor-section-height-default elementor-section-height-default\" data-id=\"707a148\" data-element_type=\"section\" data-settings=\"{&quot;background_background&quot;:&quot;classic&quot;}\">\n\t\t\t\t\t\t<div class=\"elementor-container elementor-column-gap-default\">\n\t\t\t\t\t<div class=\"elementor-column elementor-col-100 elementor-top-column elementor-element elementor-element-493076c column-style-top\" data-id=\"493076c\" data-element_type=\"column\">\n\t\t\t<div class=\"elementor-widget-wrap elementor-element-populated\">\n\t\t\t\t\t\t\t\t<div class=\"elementor-element elementor-element-d524422 elementor-widget elementor-widget-html\" data-id=\"d524422\" data-element_type=\"widget\" data-widget_type=\"html.default\">\n\t\t\t\t<div class=\"elementor-widget-container\">\n\t\t\t<iframe loading=\"lazy\" width=\"1280\" height=\"720\" src=\"https:\/\/www.youtube.com\/embed\/d4DxEEFwUfg\" title=\"ABLA, Una encrucijada Natural e Hist\u00f3rica\" frameborder=\"0\" allow=\"accelerometer; autoplay; clipboard-write; encrypted-media; gyroscope; picture-in-picture; web-share\" allowfullscreen><\/iframe>\t\t<\/div>\n\t\t\t\t<\/div>\n\t\t\t\t\t<\/div>\n\t\t<\/div>\n\t\t\t\t\t\t\t<\/div>\n\t\t<\/section>\n\t\t\t\t<section class=\"elementor-section elementor-top-section elementor-element elementor-element-51f4015 elementor-section-boxed elementor-section-height-default elementor-section-height-default\" data-id=\"51f4015\" data-element_type=\"section\">\n\t\t\t\t\t\t<div class=\"elementor-container elementor-column-gap-default\">\n\t\t\t\t\t<div class=\"elementor-column elementor-col-50 elementor-top-column elementor-element elementor-element-fe1f0cf column-style-top\" data-id=\"fe1f0cf\" data-element_type=\"column\">\n\t\t\t<div class=\"elementor-widget-wrap elementor-element-populated\">\n\t\t\t\t\t\t\t\t<section class=\"elementor-section elementor-inner-section elementor-element elementor-element-69c5837 elementor-section-boxed elementor-section-height-default elementor-section-height-default\" data-id=\"69c5837\" data-element_type=\"section\">\n\t\t\t\t\t\t<div class=\"elementor-container elementor-column-gap-default\">\n\t\t\t\t\t<div class=\"elementor-column elementor-col-100 elementor-inner-column elementor-element elementor-element-498d3a1 column-style-top\" data-id=\"498d3a1\" data-element_type=\"column\">\n\t\t\t<div class=\"elementor-widget-wrap elementor-element-populated\">\n\t\t\t\t\t\t\t\t<div class=\"elementor-element elementor-element-cada66c elementor-widget elementor-widget-image\" data-id=\"cada66c\" data-element_type=\"widget\" data-widget_type=\"image.default\">\n\t\t\t\t<div class=\"elementor-widget-container\">\n\t\t\t<style>\/*! elementor - v3.16.0 - 20-09-2023 *\/\n.elementor-widget-image{text-align:center}.elementor-widget-image a{display:inline-block}.elementor-widget-image a img[src$=\".svg\"]{width:48px}.elementor-widget-image img{vertical-align:middle;display:inline-block}<\/style>\t\t\t\t\t\t\t\t\t\t\t\t<img loading=\"lazy\" decoding=\"async\" width=\"900\" height=\"675\" src=\"http:\/\/marcapueblo.ual.es\/wp-content\/uploads\/2023\/04\/20230328_185609-1024x768.jpg\" class=\"attachment-large size-large wp-image-9282\" alt=\"\" \/>\t\t\t\t\t\t\t\t\t\t\t\t\t\t\t<\/div>\n\t\t\t\t<\/div>\n\t\t\t\t\t<\/div>\n\t\t<\/div>\n\t\t\t\t\t\t\t<\/div>\n\t\t<\/section>\n\t\t\t\t<section class=\"elementor-section elementor-inner-section elementor-element elementor-element-382721f elementor-section-boxed elementor-section-height-default elementor-section-height-default\" data-id=\"382721f\" data-element_type=\"section\">\n\t\t\t\t\t\t<div class=\"elementor-container elementor-column-gap-default\">\n\t\t\t\t\t<div class=\"elementor-column elementor-col-50 elementor-inner-column elementor-element elementor-element-7db96ec column-style-top\" data-id=\"7db96ec\" data-element_type=\"column\">\n\t\t\t<div class=\"elementor-widget-wrap elementor-element-populated\">\n\t\t\t\t\t\t\t\t<div class=\"elementor-element elementor-element-5e80 elementor-widget elementor-widget-image\" data-id=\"5e80\" data-element_type=\"widget\" data-widget_type=\"image.default\">\n\t\t\t\t<div class=\"elementor-widget-container\">\n\t\t\t\t\t\t\t\t\t\t\t\t\t\t\t<img loading=\"lazy\" decoding=\"async\" width=\"750\" height=\"510\" src=\"http:\/\/marcapueblo.ual.es\/wp-content\/uploads\/2023\/04\/20220514_100036-750x510.jpg\" class=\"attachment-medium size-medium wp-image-9283\" alt=\"\" \/>\t\t\t\t\t\t\t\t\t\t\t\t\t\t\t<\/div>\n\t\t\t\t<\/div>\n\t\t\t\t\t<\/div>\n\t\t<\/div>\n\t\t\t\t<div class=\"elementor-column elementor-col-50 elementor-inner-column elementor-element elementor-element-274a329 column-style-top\" data-id=\"274a329\" data-element_type=\"column\">\n\t\t\t<div class=\"elementor-widget-wrap elementor-element-populated\">\n\t\t\t\t\t\t\t\t<div class=\"elementor-element elementor-element-58fe elementor-widget elementor-widget-image\" data-id=\"58fe\" data-element_type=\"widget\" data-widget_type=\"image.default\">\n\t\t\t\t<div class=\"elementor-widget-container\">\n\t\t\t\t\t\t\t\t\t\t\t\t\t\t\t<img loading=\"lazy\" decoding=\"async\" width=\"750\" height=\"510\" src=\"http:\/\/marcapueblo.ual.es\/wp-content\/uploads\/2023\/04\/20220514_110049-750x510.jpg\" class=\"attachment-medium size-medium wp-image-9284\" alt=\"\" \/>\t\t\t\t\t\t\t\t\t\t\t\t\t\t\t<\/div>\n\t\t\t\t<\/div>\n\t\t\t\t\t<\/div>\n\t\t<\/div>\n\t\t\t\t\t\t\t<\/div>\n\t\t<\/section>\n\t\t\t\t\t<\/div>\n\t\t<\/div>\n\t\t\t\t<div class=\"elementor-column elementor-col-50 elementor-top-column elementor-element elementor-element-29c14d0 column-style-top\" data-id=\"29c14d0\" data-element_type=\"column\">\n\t\t\t<div class=\"elementor-widget-wrap elementor-element-populated\">\n\t\t\t\t\t\t\t\t<div class=\"elementor-element elementor-element-857ef66 elementor-widget elementor-widget-text-editor\" data-id=\"857ef66\" data-element_type=\"widget\" data-widget_type=\"text-editor.default\">\n\t\t\t\t<div class=\"elementor-widget-container\">\n\t\t\t<style>\/*! elementor - v3.16.0 - 20-09-2023 *\/\n.elementor-widget-text-editor.elementor-drop-cap-view-stacked .elementor-drop-cap{background-color:#69727d;color:#fff}.elementor-widget-text-editor.elementor-drop-cap-view-framed .elementor-drop-cap{color:#69727d;border:3px solid;background-color:transparent}.elementor-widget-text-editor:not(.elementor-drop-cap-view-default) .elementor-drop-cap{margin-top:8px}.elementor-widget-text-editor:not(.elementor-drop-cap-view-default) .elementor-drop-cap-letter{width:1em;height:1em}.elementor-widget-text-editor .elementor-drop-cap{float:left;text-align:center;line-height:1;font-size:50px}.elementor-widget-text-editor .elementor-drop-cap-letter{display:inline-block}<\/style>\t\t\t\t<p>Abla es un municipio de la comarca almeriense de Los Filabres-Tabernas a 65 km de la capital.<\/p>\t\t\t\t\t\t<\/div>\n\t\t\t\t<\/div>\n\t\t\t\t<div class=\"elementor-element elementor-element-5151a98 elementor-widget elementor-widget-text-editor\" data-id=\"5151a98\" data-element_type=\"widget\" data-widget_type=\"text-editor.default\">\n\t\t\t\t<div class=\"elementor-widget-container\">\n\t\t\t\t\t\t\t<table width=\"537\"><tbody><tr><td width=\"293\"><p><strong>Com. Aut\u00f3noma<\/strong><\/p><\/td><td width=\"293\">Andaluc\u00eda<\/td><\/tr><tr><td width=\"293\"><strong>Provincia<\/strong><\/td><td width=\"293\">Almer\u00eda<\/td><\/tr><tr><td width=\"293\"><strong>Comarca<\/strong><\/td><td width=\"293\">Filabres-Tabernas<\/td><\/tr><tr><td width=\"293\"><strong>Partido judicial<\/strong><\/td><td width=\"293\">Almer\u00eda<\/td><\/tr><tr><td width=\"293\"><strong>Poblaci\u00f3n<\/strong><\/td><td width=\"293\">1247 (2022)<\/td><\/tr><tr><td width=\"293\"><strong>Gentilicio<\/strong><\/td><td width=\"293\">Abulense<\/td><\/tr><tr><td width=\"293\"><strong>Sitio web<\/strong><\/td><td width=\"293\">http:\/\/www.abla.es<\/td><\/tr><\/tbody><\/table>\t\t\t\t\t\t<\/div>\n\t\t\t\t<\/div>\n\t\t\t\t\t<\/div>\n\t\t<\/div>\n\t\t\t\t\t\t\t<\/div>\n\t\t<\/section>\n\t\t\t\t<section class=\"elementor-section elementor-top-section elementor-element elementor-element-35a41cf elementor-section-full_width elementor-section-height-default elementor-section-height-default elementor-invisible\" data-id=\"35a41cf\" data-element_type=\"section\" data-settings=\"{&quot;background_background&quot;:&quot;classic&quot;,&quot;animation&quot;:&quot;slideInUp&quot;}\">\n\t\t\t\t\t\t<div class=\"elementor-container elementor-column-gap-default\">\n\t\t\t\t\t<div class=\"elementor-column elementor-col-100 elementor-top-column elementor-element elementor-element-67aca3c column-style-top\" data-id=\"67aca3c\" data-element_type=\"column\">\n\t\t\t<div class=\"elementor-widget-wrap elementor-element-populated\">\n\t\t\t\t\t\t\t\t<div class=\"elementor-element elementor-element-f2f63f3 elementor-widget elementor-widget-heading\" data-id=\"f2f63f3\" data-element_type=\"widget\" data-widget_type=\"heading.default\">\n\t\t\t\t<div class=\"elementor-widget-container\">\n\t\t\t<style>\/*! elementor - v3.16.0 - 20-09-2023 *\/\n.elementor-heading-title{padding:0;margin:0;line-height:1}.elementor-widget-heading .elementor-heading-title[class*=elementor-size-]>a{color:inherit;font-size:inherit;line-height:inherit}.elementor-widget-heading .elementor-heading-title.elementor-size-small{font-size:15px}.elementor-widget-heading .elementor-heading-title.elementor-size-medium{font-size:19px}.elementor-widget-heading .elementor-heading-title.elementor-size-large{font-size:29px}.elementor-widget-heading .elementor-heading-title.elementor-size-xl{font-size:39px}.elementor-widget-heading .elementor-heading-title.elementor-size-xxl{font-size:59px}<\/style><h2 class=\"elementor-heading-title elementor-size-default\">Localizaci\u00f3n y geograf\u00eda<\/h2>\t\t<\/div>\n\t\t\t\t<\/div>\n\t\t\t\t<div class=\"elementor-element elementor-element-193a48c elementor-widget__width-inherit elementor-widget elementor-widget-text-editor\" data-id=\"193a48c\" data-element_type=\"widget\" data-widget_type=\"text-editor.default\">\n\t\t\t\t<div class=\"elementor-widget-container\">\n\t\t\t\t\t\t\t<iframe src=\"https:\/\/www.google.com\/maps\/embed?pb=!1m18!1m12!1m3!1d101743.14327034404!2d-2.8354057854088093!3d37.16522329074494!2m3!1f0!2f0!3f0!3m2!1i1024!2i768!4f13.1!3m3!1m2!1s0xd701881e6ca89a7%3A0xe3b17529febebaf4!2zQWJsYSwgMDQ1MTAsIEFsbWVyw61h!5e0!3m2!1ses!2ses!4v1682078178512!5m2!1ses!2ses\" width=\"600\" height=\"450\" style=\"border:0;\" allowfullscreen=\"\" loading=\"lazy\" referrerpolicy=\"no-referrer-when-downgrade\"><\/iframe>\t\t\t\t\t\t<\/div>\n\t\t\t\t<\/div>\n\t\t\t\t<div class=\"elementor-element elementor-element-aa9c8f7 elementor-widget elementor-widget-text-editor\" data-id=\"aa9c8f7\" data-element_type=\"widget\" data-widget_type=\"text-editor.default\">\n\t\t\t\t<div class=\"elementor-widget-container\">\n\t\t\t\t\t\t\t<p style=\"text-align: center;\">El municipio se encuentra limitado con Fi\u00f1ana, Las Tres Villas, Ohanes y Abrucena.<\/p><p style=\"text-align: center;\">El n\u00facleo urbano se localiza a 37\u00b008\u203232\u2033N 2\u00b046\u203238\u2033O, a 861 metros de altitud sobre el nivel del mar.<\/p>\t\t\t\t\t\t<\/div>\n\t\t\t\t<\/div>\n\t\t\t\t\t<\/div>\n\t\t<\/div>\n\t\t\t\t\t\t\t<\/div>\n\t\t<\/section>\n\t\t\t\t<section class=\"elementor-section elementor-top-section elementor-element elementor-element-c528f97 elementor-section-boxed elementor-section-height-default elementor-section-height-default\" data-id=\"c528f97\" data-element_type=\"section\">\n\t\t\t\t\t\t<div class=\"elementor-container elementor-column-gap-default\">\n\t\t\t\t\t<div class=\"elementor-column elementor-col-100 elementor-top-column elementor-element elementor-element-042cb6f column-style-top\" data-id=\"042cb6f\" data-element_type=\"column\">\n\t\t\t<div class=\"elementor-widget-wrap elementor-element-populated\">\n\t\t\t\t\t\t\t\t<div class=\"elementor-element elementor-element-0d6a159 elementor-widget elementor-widget-gva-heading-block\" data-id=\"0d6a159\" data-element_type=\"widget\" data-widget_type=\"gva-heading-block.default\">\n\t\t\t\t<div class=\"elementor-widget-container\">\n\t\t\t<div class=\"gva-element-gva-heading-block gva-element\">   <div class=\"align-center style-1 widget gsc-heading\">\r\n      <div class=\"content-inner\">\r\n         \r\n                  \r\n           \r\n         \r\n                     <h2 class=\"title\">\r\n               <span>S\u00cdMBOLOS<\/span>\r\n            <\/h2>\r\n                  \r\n         \r\n      <\/div>\r\n   <\/div>\r\n   <div class=\"clearfix\"><\/div>\r\n<\/div>\t\t<\/div>\n\t\t\t\t<\/div>\n\t\t\t\t<div class=\"elementor-element elementor-element-15eaaec elementor-widget elementor-widget-gva-tabs-content\" data-id=\"15eaaec\" data-element_type=\"widget\" data-widget_type=\"gva-tabs-content.default\">\n\t\t\t\t<div class=\"elementor-widget-container\">\n\t\t\t\t\t<div class=\"gsc-tabs-content\" role=\"tablist\">\n\t\t\t<div class=\"tabs_wrapper\">\n\t\t\t\t\n\t\t\t\t<ul class=\"nav_tabs clearfix\">\n\t\t\t\t\t\t\t\t\t\t\t<li class=\"elementor-repeater-item-cc3c000 active show\">\n\t\t\t\t\t\t\t<a class=\"active show\" role=\"tab\" data-toggle=\"tab\" href=\"#kxii-0\">\n\t\t\t\t\t\t\t\tEscudo\t\t\t\t\t\t\t<\/a>\n\t\t\t\t\t\t<\/li>\n\t\t\t\t\t\t\t\t\t\t\t<li class=\"elementor-repeater-item-c171203\">\n\t\t\t\t\t\t\t<a class=\"\" role=\"tab\" data-toggle=\"tab\" href=\"#kxii-1\">\n\t\t\t\t\t\t\t\tBandera\t\t\t\t\t\t\t<\/a>\n\t\t\t\t\t\t<\/li>\n\t\t\t\t\t\t\t\t\t<\/ul>\n\t\t\t\t\n\n\t\t\t\t<div class=\"tab-content clearfix\">\n\t\t\t\t\t\t\t\t\t\t\t<div class=\"tab-pane fade in active show\" role=\"tabpanel\" id=\"kxii-0\">\n\t\t\t\t\t\t\t\t\t\t\t\t\t\t\t<div class=\"tab-image\">\n\t\t\t\t\t\t\t\t\t<a href=\"http:\/\/marcapueblo.ual.es\/wp-content\/uploads\/2025\/03\/Abla.png\" class=\"popup-image\">\n\t\t\t\t\t\t\t\t\t\t<img decoding=\"async\" src=\"http:\/\/marcapueblo.ual.es\/wp-content\/uploads\/2025\/03\/Abla.png\" alt=\"Escudo\" \/>\n\t\t\t\t\t\t\t\t\t<\/a>\t\n\t\t\t\t\t\t\t\t<\/div>\n\t\t\t\t\t\t\t\t\t\t\t\t\t\t<div class=\"tab-content-item has_image\">\n\t\t\t\t\t\t\t\t<div class=\"tab-item-title\">Escudo<\/div>\n\t\t\t\t\t\t\t\t\t\t\t\t\t\t\t<\/div>\n\t\t\t\t\t\t<\/div>\n\t\t\t\t\t\n\t\t\t\t\t\t\t\t\t\t\t<div class=\"tab-pane fade in \" role=\"tabpanel\" id=\"kxii-1\">\n\t\t\t\t\t\t\t\t\t\t\t\t\t\t\t<div class=\"tab-image\">\n\t\t\t\t\t\t\t\t\t<a href=\"http:\/\/marcapueblo.ual.es\/wp-content\/uploads\/2025\/03\/Bandera_de_Abla.png\" class=\"popup-image\">\n\t\t\t\t\t\t\t\t\t\t<img decoding=\"async\" src=\"http:\/\/marcapueblo.ual.es\/wp-content\/uploads\/2025\/03\/Bandera_de_Abla.png\" alt=\"Bandera\" \/>\n\t\t\t\t\t\t\t\t\t<\/a>\t\n\t\t\t\t\t\t\t\t<\/div>\n\t\t\t\t\t\t\t\t\t\t\t\t\t\t<div class=\"tab-content-item has_image\">\n\t\t\t\t\t\t\t\t<div class=\"tab-item-title\">Bandera<\/div>\n\t\t\t\t\t\t\t\t\t\t\t\t\t\t\t<\/div>\n\t\t\t\t\t\t<\/div>\n\t\t\t\t\t\n\t\t\t\t\t\t\t\t\t<\/div>\n\t\t\t<\/div>\t\n\t\t<\/div>\n\t\t\t\t<\/div>\n\t\t\t\t<\/div>\n\t\t\t\t\t<\/div>\n\t\t<\/div>\n\t\t\t\t\t\t\t<\/div>\n\t\t<\/section>\n\t\t\t\t<section class=\"elementor-section elementor-top-section elementor-element elementor-element-1eddb4b0 elementor-section-boxed elementor-section-height-default elementor-section-height-default\" data-id=\"1eddb4b0\" data-element_type=\"section\" data-settings=\"{&quot;background_background&quot;:&quot;classic&quot;}\">\n\t\t\t\t\t\t<div class=\"elementor-container elementor-column-gap-default\">\n\t\t\t\t\t<div class=\"elementor-column elementor-col-50 elementor-top-column elementor-element elementor-element-28eb3e5e column-style-top\" data-id=\"28eb3e5e\" data-element_type=\"column\">\n\t\t\t<div class=\"elementor-widget-wrap elementor-element-populated\">\n\t\t\t\t\t\t\t\t<div class=\"elementor-element elementor-element-0986f0c elementor-widget elementor-widget-heading\" data-id=\"0986f0c\" data-element_type=\"widget\" data-widget_type=\"heading.default\">\n\t\t\t\t<div class=\"elementor-widget-container\">\n\t\t\t<h2 class=\"elementor-heading-title elementor-size-default\">Econom\u00eda<\/h2>\t\t<\/div>\n\t\t\t\t<\/div>\n\t\t\t\t<div class=\"elementor-element elementor-element-0d0fc2c elementor-widget elementor-widget-text-editor\" data-id=\"0d0fc2c\" data-element_type=\"widget\" data-widget_type=\"text-editor.default\">\n\t\t\t\t<div class=\"elementor-widget-container\">\n\t\t\t\t\t\t\t<p style=\"text-align: justify;\">Cuenta con un tejido empresarial dominado por aut\u00f3nomos y microempresas \u201485 establecimientos mayoritariamente en comercio, agricultura y construcci\u00f3n\u2014 y muestra una econom\u00eda local basada en la agricultura tradicional, un peque\u00f1o comercio de proximidad y servicios ajustados a su poblaci\u00f3n.<\/p>\t\t\t\t\t\t<\/div>\n\t\t\t\t<\/div>\n\t\t\t\t\t<\/div>\n\t\t<\/div>\n\t\t\t\t<div class=\"elementor-column elementor-col-50 elementor-top-column elementor-element elementor-element-8d5b9a8 column-style-top\" data-id=\"8d5b9a8\" data-element_type=\"column\">\n\t\t\t<div class=\"elementor-widget-wrap elementor-element-populated\">\n\t\t\t\t\t\t\t\t<div class=\"elementor-element elementor-element-808663a elementor-widget elementor-widget-heading\" data-id=\"808663a\" data-element_type=\"widget\" data-widget_type=\"heading.default\">\n\t\t\t\t<div class=\"elementor-widget-container\">\n\t\t\t<h2 class=\"elementor-heading-title elementor-size-default\">Sociedad<\/h2>\t\t<\/div>\n\t\t\t\t<\/div>\n\t\t\t\t<div class=\"elementor-element elementor-element-af2ff2f elementor-widget elementor-widget-text-editor\" data-id=\"af2ff2f\" data-element_type=\"widget\" data-widget_type=\"text-editor.default\">\n\t\t\t\t<div class=\"elementor-widget-container\">\n\t\t\t\t\t\t\t<p style=\"text-align: justify;\">Abla destaca por un fuerte tejido asociativo y una activa participaci\u00f3n ciudadana, con numerosas agrupaciones \u2014desde asociaciones de mujeres y mayores hasta la banda municipal\u2014 que reflejan el compromiso y la vitalidad comunitaria.<\/p>\t\t\t\t\t\t<\/div>\n\t\t\t\t<\/div>\n\t\t\t\t\t<\/div>\n\t\t<\/div>\n\t\t\t\t\t\t\t<\/div>\n\t\t<\/section>\n\t\t\t\t<section class=\"elementor-section elementor-top-section elementor-element elementor-element-d2d94ee elementor-section-boxed elementor-section-height-default elementor-section-height-default\" data-id=\"d2d94ee\" data-element_type=\"section\" data-settings=\"{&quot;background_background&quot;:&quot;classic&quot;}\">\n\t\t\t\t\t\t\t<div class=\"elementor-background-overlay\"><\/div>\n\t\t\t\t\t\t\t<div class=\"elementor-container elementor-column-gap-default\">\n\t\t\t\t\t<div class=\"elementor-column elementor-col-100 elementor-top-column elementor-element elementor-element-4c41252 column-style-top\" data-id=\"4c41252\" data-element_type=\"column\">\n\t\t\t<div class=\"elementor-widget-wrap elementor-element-populated\">\n\t\t\t\t\t\t\t\t<div class=\"elementor-element elementor-element-eddd226 elementor-widget elementor-widget-text-editor\" data-id=\"eddd226\" data-element_type=\"widget\" data-widget_type=\"text-editor.default\">\n\t\t\t\t<div class=\"elementor-widget-container\">\n\t\t\t\t\t\t\t<p>El primer baluarte municipal de Abla es su vasto y valioso patrimonio hist\u00f3rico y cultural, que se remonta a la prehistoria y se manifiesta en yacimientos arqueol\u00f3gicos \u00fanicos \u2014como la necr\u00f3polis de Los Milanes\u2014 y en monumentos romanos emblem\u00e1ticos como el Mausoleo del siglo\u202fII. Estas ra\u00edces culturales no solo preservan la identidad y las tradiciones de la comunidad, sino que constituyen un motor clave para el turismo cultural, la educaci\u00f3n y el desarrollo socioecon\u00f3mico, reforzando el orgullo local y atrayendo visitantes e inversores interesados en la rica historia de la villa.<\/p>\t\t\t\t\t\t<\/div>\n\t\t\t\t<\/div>\n\t\t\t\t\t<\/div>\n\t\t<\/div>\n\t\t\t\t\t\t\t<\/div>\n\t\t<\/section>\n\t\t\t\t<section class=\"elementor-section elementor-top-section elementor-element elementor-element-aa347df elementor-section-boxed elementor-section-height-default elementor-section-height-default\" data-id=\"aa347df\" data-element_type=\"section\" data-settings=\"{&quot;background_background&quot;:&quot;classic&quot;}\">\n\t\t\t\t\t\t<div class=\"elementor-container elementor-column-gap-default\">\n\t\t\t\t\t<div class=\"elementor-column elementor-col-100 elementor-top-column elementor-element elementor-element-7e2eef4 column-style-top\" data-id=\"7e2eef4\" data-element_type=\"column\">\n\t\t\t<div class=\"elementor-widget-wrap elementor-element-populated\">\n\t\t\t\t\t\t\t\t<div class=\"elementor-element elementor-element-11bac98 elementor-widget elementor-widget-heading\" data-id=\"11bac98\" data-element_type=\"widget\" data-widget_type=\"heading.default\">\n\t\t\t\t<div class=\"elementor-widget-container\">\n\t\t\t<h2 class=\"elementor-heading-title elementor-size-default\">Demograf\u00eda<\/h2>\t\t<\/div>\n\t\t\t\t<\/div>\n\t\t\t\t<div class=\"elementor-element elementor-element-61c7d81 elementor-widget elementor-widget-shortcode\" data-id=\"61c7d81\" data-element_type=\"widget\" data-widget_type=\"shortcode.default\">\n\t\t\t\t<div class=\"elementor-widget-container\">\n\t\t\t\t\t<div class=\"elementor-shortcode\"><div class=\"visualizer-front-container visualizer-lazy-render\"><style type=\"text\/css\" name=\"visualizer-custom-css\" id=\"customcss-visualizer-9562\">.locker,.locker-loader{position:absolute;top:0;left:0;width:100%;height:100%}.locker{z-index:1000;opacity:.8;background-color:#fff;-ms-filter:\"progid:DXImageTransform.Microsoft.Alpha(Opacity=80)\";filter:alpha(opacity=80)}.locker-loader{z-index:1001;background:url(http:\/\/marcapueblo.ual.es\/wp-content\/plugins\/visualizer\/images\/ajax-loader.gif) no-repeat center center}.dt-button{display:none!important}.visualizer-front-container.visualizer-lazy-render{content-visibility: auto;}<\/style><div id=\"visualizer-9562-2042897230\"class=\"visualizer-front  visualizer-front-9562\"><\/div><!-- Not showing structured data for chart 9562 because title is empty --><\/div><\/div>\n\t\t\t\t<\/div>\n\t\t\t\t<\/div>\n\t\t\t\t\t<\/div>\n\t\t<\/div>\n\t\t\t\t\t\t\t<\/div>\n\t\t<\/section>\n\t\t\t\t<section class=\"elementor-section elementor-top-section elementor-element elementor-element-e0339a2 elementor-section-boxed elementor-section-height-default elementor-section-height-default\" data-id=\"e0339a2\" data-element_type=\"section\" data-settings=\"{&quot;background_background&quot;:&quot;classic&quot;}\">\n\t\t\t\t\t\t\t<div class=\"elementor-background-overlay\"><\/div>\n\t\t\t\t\t\t\t<div class=\"elementor-container elementor-column-gap-default\">\n\t\t\t\t\t<div class=\"elementor-column elementor-col-100 elementor-top-column elementor-element elementor-element-b39376c column-style-top\" data-id=\"b39376c\" data-element_type=\"column\">\n\t\t\t<div class=\"elementor-widget-wrap elementor-element-populated\">\n\t\t\t\t\t\t\t\t<div class=\"elementor-element elementor-element-e9dbba5 elementor-widget elementor-widget-heading\" data-id=\"e9dbba5\" data-element_type=\"widget\" data-widget_type=\"heading.default\">\n\t\t\t\t<div class=\"elementor-widget-container\">\n\t\t\t<h2 class=\"elementor-heading-title elementor-size-default\">RECURSOS<\/h2>\t\t<\/div>\n\t\t\t\t<\/div>\n\t\t\t\t<div class=\"elementor-element elementor-element-c51cf16 elementor-widget elementor-widget-text-editor\" data-id=\"c51cf16\" data-element_type=\"widget\" data-widget_type=\"text-editor.default\">\n\t\t\t\t<div class=\"elementor-widget-container\">\n\t\t\t\t\t\t\t\t\t\t\t\t\t<\/div>\n\t\t\t\t<\/div>\n\t\t\t\t<section class=\"elementor-section elementor-inner-section elementor-element elementor-element-0337a73 elementor-section-boxed elementor-section-height-default elementor-section-height-default\" data-id=\"0337a73\" data-element_type=\"section\">\n\t\t\t\t\t\t<div class=\"elementor-container elementor-column-gap-default\">\n\t\t\t\t\t<div class=\"elementor-column elementor-col-50 elementor-inner-column elementor-element elementor-element-4c90f7d column-style-top\" data-id=\"4c90f7d\" data-element_type=\"column\">\n\t\t\t<div class=\"elementor-widget-wrap elementor-element-populated\">\n\t\t\t\t\t\t\t\t<div class=\"elementor-element elementor-element-b35afe0 elementor-widget elementor-widget-heading\" data-id=\"b35afe0\" data-element_type=\"widget\" data-widget_type=\"heading.default\">\n\t\t\t\t<div class=\"elementor-widget-container\">\n\t\t\t<h2 class=\"elementor-heading-title elementor-size-default\">PATRIMONIO NATURAL<\/h2>\t\t<\/div>\n\t\t\t\t<\/div>\n\t\t\t\t<div class=\"elementor-element elementor-element-91c5c82 elementor-widget elementor-widget-text-editor\" data-id=\"91c5c82\" data-element_type=\"widget\" data-widget_type=\"text-editor.default\">\n\t\t\t\t<div class=\"elementor-widget-container\">\n\t\t\t\t\t\t\t<p>\u00c1REA RECREATIVA EL SERBAL<\/p><p>\u00c1REA RECREATIVA Y PARQUE MONTAGON<\/p>\t\t\t\t\t\t<\/div>\n\t\t\t\t<\/div>\n\t\t\t\t\t<\/div>\n\t\t<\/div>\n\t\t\t\t<div class=\"elementor-column elementor-col-50 elementor-inner-column elementor-element elementor-element-a51a5bb column-style-top\" data-id=\"a51a5bb\" data-element_type=\"column\">\n\t\t\t<div class=\"elementor-widget-wrap elementor-element-populated\">\n\t\t\t\t\t\t\t\t<div class=\"elementor-element elementor-element-5f44030 elementor-widget elementor-widget-heading\" data-id=\"5f44030\" data-element_type=\"widget\" data-widget_type=\"heading.default\">\n\t\t\t\t<div class=\"elementor-widget-container\">\n\t\t\t<h2 class=\"elementor-heading-title elementor-size-default\">Patrimonio Art\u00edstico y Monumental<\/h2>\t\t<\/div>\n\t\t\t\t<\/div>\n\t\t\t\t<div class=\"elementor-element elementor-element-9d8acd2 elementor-widget elementor-widget-text-editor\" data-id=\"9d8acd2\" data-element_type=\"widget\" data-widget_type=\"text-editor.default\">\n\t\t\t\t<div class=\"elementor-widget-container\">\n\t\t\t\t\t\t\t<p>IGLESIA DE LA ANUNCIACI\u00d3N<\/p><p>MAUSOLEO ROMANO<\/p><p>EL PEDESTAL DE AVITIANO<\/p><p>LA CRUZ DE SAN JUAN<\/p><p>EL ESCUDO DE ARMAS DE ALONSO DE BAZ\u00c1N HAC\u00c9N<\/p><p>LA ERMITA DE SAN ROQUE<\/p><p>LA CASA SE\u00d1ORIAL BARROCA<\/p><p>EL MIRADOR DEL CASTILLO Y ANTIGUA ALCAZABA<\/p><p>ERMITA DE LOS SANTOS M\u00c1RTIRES<\/p><p>ERMITA DE SAN ANT\u00d3N<\/p><p>ERMITA DE LA VIRGEN DE LAS MARAVILLAS<\/p><p>EL PE\u00d1\u00d3N DE LAS JUNTAS<\/p><p>ERMITA DE LAS ADELFAS<\/p><p>NECR\u00d3POLIS MEGAL\u00cdTICA DE LOS MILANES<\/p>\t\t\t\t\t\t<\/div>\n\t\t\t\t<\/div>\n\t\t\t\t\t<\/div>\n\t\t<\/div>\n\t\t\t\t\t\t\t<\/div>\n\t\t<\/section>\n\t\t\t\t\t<\/div>\n\t\t<\/div>\n\t\t\t\t\t\t\t<\/div>\n\t\t<\/section>\n\t\t\t\t\t\t\t<\/div>\n\t\t","protected":false},"excerpt":{"rendered":"<p>Abla es un municipio de la comarca almeriense de Los Filabres-Tabernas a 65 km de la capital. Com. Aut\u00f3noma Andaluc\u00eda Provincia Almer\u00eda Comarca Filabres-Tabernas Partido judicial Almer\u00eda Poblaci\u00f3n 1247 (2022) [&hellip;]<\/p>\n","protected":false},"author":1,"featured_media":0,"parent":0,"menu_order":0,"comment_status":"closed","ping_status":"closed","template":"","meta":{"footnotes":""},"class_list":["post-9280","page","type-page","status-publish","hentry"],"_links":{"self":[{"href":"http:\/\/marcapueblo.ual.es\/index.php?rest_route=\/wp\/v2\/pages\/9280","targetHints":{"allow":["GET"]}}],"collection":[{"href":"http:\/\/marcapueblo.ual.es\/index.php?rest_route=\/wp\/v2\/pages"}],"about":[{"href":"http:\/\/marcapueblo.ual.es\/index.php?rest_route=\/wp\/v2\/types\/page"}],"author":[{"embeddable":true,"href":"http:\/\/marcapueblo.ual.es\/index.php?rest_route=\/wp\/v2\/users\/1"}],"replies":[{"embeddable":true,"href":"http:\/\/marcapueblo.ual.es\/index.php?rest_route=%2Fwp%2Fv2%2Fcomments&post=9280"}],"version-history":[{"count":19,"href":"http:\/\/marcapueblo.ual.es\/index.php?rest_route=\/wp\/v2\/pages\/9280\/revisions"}],"predecessor-version":[{"id":9571,"href":"http:\/\/marcapueblo.ual.es\/index.php?rest_route=\/wp\/v2\/pages\/9280\/revisions\/9571"}],"wp:attachment":[{"href":"http:\/\/marcapueblo.ual.es\/index.php?rest_route=%2Fwp%2Fv2%2Fmedia&parent=9280"}],"curies":[{"name":"wp","href":"https:\/\/api.w.org\/{rel}","templated":true}]}}